{"id":964,"date":"2018-11-08T14:59:00","date_gmt":"2018-11-08T13:59:00","guid":{"rendered":"http:\/\/flexofytol.be\/gdpr\/"},"modified":"2021-03-15T09:37:13","modified_gmt":"2021-03-15T08:37:13","slug":"gdpr","status":"publish","type":"page","link":"https:\/\/flexofytol.be\/fr\/gdpr\/","title":{"rendered":"Politique de protection des donn\u00e9es \u00e0 caract\u00e8re personnel"},"content":{"rendered":"[vc_row][vc_column][vc_column_text css=\u00a0\u00bb.vc_custom_1539156117279{margin-bottom: 0px !important;}\u00a0\u00bb]\n<h3 style=\"text-align: center;\">TILMAN S.A<\/h3>\n<h2 style=\"text-align: center;\">Politique de protection<br \/>\ndes donn\u00e9es \u00e0 caract\u00e8re personnel<\/h2>\n<p style=\"text-align: center;\"><em>(Derni\u00e8re mise \u00e0 jour : <strong>09 octobre 2018<\/strong>)<\/em><\/p>\n<p>&nbsp;<\/p>\n<h3>1. Qui sommes-nous ?<\/h3>\n<p>Ce document constitue la politique de protection des donn\u00e9es \u00e0 caract\u00e8re personnel de TILMAN S.A., soci\u00e9t\u00e9 de droit belge, ayant son si\u00e8ge sis \u00e0 Zone d&rsquo;activit\u00e9s Sud, Bail. 15, 5377 Somme-Leuze, enregistr\u00e9e aupr\u00e8s de la Banque Carrefour des Entreprises sous le num\u00e9ro 0458.493.759, et ayant pour adresse de courrier \u00e9lectronique : <a href=\"mailto:privacy@tilman.be\">privacy@tilman.be<\/a> (ci-apr\u00e8s d\u00e9nomm\u00e9e \u201c<strong>Tilman<\/strong>\u201d ou \u201c<strong>nous<\/strong>\u201d).<\/p>\n<p>Coordonn\u00e9es de contact du d\u00e9l\u00e9gu\u00e9 \u00e0 la protection des donn\u00e9es du responsable du traitement: <a href=\"mailto:dpo@tilman.be\">dpo@tilman.be<\/a><\/p>\n<p>Dans le cadre de nos activit\u00e9s, nous sommes amen\u00e9s \u00e0 collecter, stocker, traiter et parfois partager des donn\u00e9es \u00e0 caract\u00e8re personnel.<\/p>\n<p>&nbsp;<\/p>\n<h3>2. Objectif de cette politique<\/h3>\n<h4>2.1. Information<\/h4>\n<p>Soucieux du respect de votre vie priv\u00e9e et conscients de l\u2019importance de respecter nos obligations l\u00e9gales en la mati\u00e8re, nous mettons tout en \u0153uvre afin de prot\u00e9ger vos donn\u00e9es \u00e0 caract\u00e8re personnel.<\/p>\n<p>Cette politique a pour but de vous informer (en votre qualit\u00e9 de \u00ab personne concern\u00e9e \u00bb) sur la mani\u00e8re dont nous (en notre qualit\u00e9 de \u00ab responsable du traitement \u00bb) traitons vos donn\u00e9es personnelles, conform\u00e9ment \u00e0 toutes les lois et r\u00e8glements sur la protection des donn\u00e9es et la vie priv\u00e9e en vigueur (ci-apr\u00e8s d\u00e9nomm\u00e9 \u00ab Lois sur la protection des donn\u00e9es \u00bb), et, plus particuli\u00e8rement et entre autres, en application des articles 13 et 14 du R\u00e8glement (UE) 2016\/679 (ou \u00ab RGPD \u00bb).<\/p>\n<p>Cette politique a \u00e9galement pour objectif de vous informer sur vos droits concernant le traitement de vos donn\u00e9es \u00e0 caract\u00e8re personnel.<\/p>\n<p>&nbsp;<\/p>\n<h4>2.2. Consentement \u00e9clair\u00e9<\/h4>\n<p>Dans certains cas (sp\u00e9cifi\u00e9s ci-dessous), la base juridique de notre traitement de donn\u00e9es est votre consentement \u00e9clair\u00e9. Dans de tels cas, l\u2019autre objectif de cette politique est de vous fournir les informations n\u00e9cessaires pour obtenir un consentement valide de votre part.<\/p>\n<p>Lorsque notre traitement de donn\u00e9es personnelles est bas\u00e9 sur votre consentement, vous avez le droit de retirer votre consentement \u00e0 tout moment, sans que ce retrait ne puisse toutefois affecter la lic\u00e9it\u00e9 du traitement effectu\u00e9 pr\u00e9alablement \u00e0 ce retrait. Pour retirer votre consentement, vous \u00eates invit\u00e9 \u00e0 utiliser les proc\u00e9dures de d\u00e9sinscription facile qui vous sont fournies par nos outils de communications ou en nous envoyant un courrier \u00e9lectronique (\u00e0 l\u2019adresse indiqu\u00e9e dans la section \u00ab section \u00ab Qui contacter \u00e0 propos de vos donn\u00e9es personnelles \u00bb).<\/p>\n<p>Lorsque notre traitement de donn\u00e9es personnelles est bas\u00e9 sur votre consentement, il est de notre devoir de pouvoir d\u00e9montrer que vous avez consenti au traitement de vos donn\u00e9es personnelles. Pour ce faire nous conservons des donn\u00e9es relatives \u00e0 votre consentement aussi longtemps que nous avons besoin de d\u00e9montrer notre pleine et enti\u00e8re conformit\u00e9 aux Lois sur la protection des donn\u00e9es.<\/p>\n<p>Si vous avez moins de 16 ans, il est de notre devoir de faire des efforts raisonnables pour v\u00e9rifier, dans de tels cas, que le consentement est donn\u00e9 ou autoris\u00e9 par le titulaire de l\u2019autorit\u00e9 parentale, tenant compte de la technologie disponible. Ceci explique pourquoi, le cas \u00e9ch\u00e9ant, nous pouvons \u00eatre amen\u00e9s \u00e0 demander plus d\u2019informations sur ce titulaire de l\u2019autorit\u00e9 parentale.<\/p>\n<p><strong> <\/strong><\/p>\n<h3>3. Information sur les diff\u00e9rents traitements de donn\u00e9es personnelles<\/h3>\n<p>Dans cette section 3, pour chaque traitement que nous effectuons, nous vous fournissons des informations sur :<\/p>\n<ul>\n<li>Les <strong>finalit\u00e9s<\/strong> du traitement (pourquoi nous traitons vos donn\u00e9es);<\/li>\n<li>Les <strong>bases l\u00e9gales<\/strong> du traitement (qu\u2019est-ce qui justifie le traitement); lorsque cette base l\u00e9gale est un int\u00e9r\u00eat l\u00e9gitime, nous mentionnons la nature de celui-ci;<\/li>\n<li>Les <strong>cat\u00e9gories de donn\u00e9es personnelles<\/strong> concern\u00e9es (quels types de donn\u00e9es sont trait\u00e9es);<\/li>\n<li>Le cas \u00e9ch\u00e9ant, les <strong>cat\u00e9gories de destinataires<\/strong> de donn\u00e9es personnelles (avec qui nous partageons les donn\u00e9es) ;<\/li>\n<li>Le cas \u00e9ch\u00e9ant, le transfert de donn\u00e9es personnelles \u00e0 des destinataires dans des <strong>pays tiers \u00e0 l\u2019UE<\/strong> ou \u00e0 des organisations internationales et les garanties permettant ce transfert;<\/li>\n<li>La <strong>dur\u00e9e<\/strong> de conservation des donn\u00e9es personnelles, ou si ce n\u2019est pas possible de le pr\u00e9ciser, le crit\u00e8re utilis\u00e9 pour d\u00e9terminer cette dur\u00e9e ;<\/li>\n<\/ul>\n<p>Afin d\u2019\u00eatre aussi transparente et clair que possible, cette information est pr\u00e9sent\u00e9e dans les tableaux ci-dessous, et est fournie par cat\u00e9gorie de personnes concern\u00e9es et par finalit\u00e9.[\/vc_column_text][\/vc_column][\/vc_row][vc_row][vc_column width=\u00a0\u00bb1\/2&Prime;][vc_column_text css=\u00a0\u00bb.vc_custom_1539156096476{margin-bottom: 0px !important;}\u00a0\u00bb]\n<h4>3.1. Clients<\/h4>\n[\/vc_column_text][mk_table style=\u00a0\u00bbstyle2&Prime;]\n<table width=\"100%\">\n<thead>\n<tr>\n<th style=\"text-align: left;\" width=\"30%\">Finalit\u00e9<\/th>\n<th style=\"text-align: left;\" width=\"70%\">Service client<br \/>\n<em>(demandes d\u2019information, plaintes, service apr\u00e8s-vente)<\/em><\/th>\n<\/tr>\n<\/thead>\n<tbody>\n<tr>\n<td style=\"text-align: left;\">Cat\u00e9gories de donn\u00e9es<\/td>\n<td style=\"text-align: left;\">identification <sup>1<\/sup>, identification \u00e9lectronique <sup>2<\/sup>, contenu des communications, informations commerciales, description de la plainte.<\/td>\n<\/tr>\n<tr>\n<td style=\"text-align: left;\">Sources<\/td>\n<td style=\"text-align: left;\">personnes concern\u00e9es<\/td>\n<\/tr>\n<tr>\n<td style=\"text-align: left;\">Destinataires<\/td>\n<td style=\"text-align: left;\">aucun<sup>5<\/sup><\/td>\n<\/tr>\n<tr>\n<td style=\"text-align: left;\">Dur\u00e9e de conservation<\/td>\n<td style=\"text-align: left;\">dur\u00e9e de l\u2019interaction. La dur\u00e9e est plus longue si les donn\u00e9es sont utilis\u00e9es dans le cadre d\u2019autres traitements mentionn\u00e9s dans cette section.<\/td>\n<\/tr>\n<tr>\n<td style=\"text-align: left;\">Bases l\u00e9gales<\/td>\n<td style=\"text-align: left;\">GDPR, art.6, \u00a71 a) (consentement)<br \/>\nGDPR, art.6, \u00a71 c) (ex\u00e9cution d\u2019obligations l\u00e9gales et r\u00e8glementaires)<\/td>\n<\/tr>\n<tr>\n<td style=\"text-align: left;\">Transfert hors UE<\/td>\n<td style=\"text-align: left;\">non<\/td>\n<\/tr>\n<\/tbody>\n<\/table>\n[\/mk_table][mk_table style=\u00a0\u00bbstyle2&Prime;]\n<table width=\"100%\">\n<thead>\n<tr>\n<th style=\"text-align: left;\" width=\"30%\">Finalit\u00e9<\/th>\n<th style=\"text-align: left;\" width=\"70%\">Gestion client<br \/>\n<em>(suivi et ex\u00e9cution de commandes, informations commerciales, facturation)<\/em><\/th>\n<\/tr>\n<\/thead>\n<tbody>\n<tr>\n<td style=\"text-align: left;\">Cat\u00e9gories de donn\u00e9es<\/td>\n<td style=\"text-align: left;\">identification <sup>1<\/sup>, identification \u00e9lectronique <sup>2<\/sup>, donn\u00e9es administratives <sup>3<\/sup>, donn\u00e9es sectorielles <sup>4<\/sup>, code client, fonction, cat\u00e9gorie \/ groupe d\u2019appartenance, langue, devise, particularit\u00e9s financi\u00e8res, repr\u00e9sentant, transport, contenu des communications, informations commerciales.<\/td>\n<\/tr>\n<tr>\n<td style=\"text-align: left;\">Sources<\/td>\n<td style=\"text-align: left;\">personnes concern\u00e9es, bases de donn\u00e9es officielles, bases de donn\u00e9es commerciales (publiques)<\/td>\n<\/tr>\n<tr>\n<td style=\"text-align: left;\">Destinataires<\/td>\n<td style=\"text-align: left;\">d\u00e9l\u00e9gu\u00e9s commerciaux, distributeurs et interm\u00e9diaires commerciaux, administrations publiques<\/td>\n<\/tr>\n<tr>\n<td style=\"text-align: left;\">Dur\u00e9e de conservation<\/td>\n<td style=\"text-align: left;\">10 ans apr\u00e8s la fin du traitement (g\u00e9n\u00e9ralement la fin du contrat)<\/td>\n<\/tr>\n<tr>\n<td style=\"text-align: left;\">Bases l\u00e9gales<\/td>\n<td style=\"text-align: left;\">GDPR, art.6, \u00a71 b) (ex\u00e9cution de mesures contractuelles ou pr\u00e9contractuelles)<br \/>\nGDPR, art.6, \u00a71 c) (ex\u00e9cution d\u2019obligations l\u00e9gales et r\u00e8glementaires)<\/td>\n<\/tr>\n<tr>\n<td style=\"text-align: left;\">Transfert hors UE<\/td>\n<td style=\"text-align: left;\">non<\/td>\n<\/tr>\n<\/tbody>\n<\/table>\n[\/mk_table][mk_table style=\u00a0\u00bbstyle2&Prime;]\n<table width=\"100%\">\n<thead>\n<tr>\n<th style=\"text-align: left;\" width=\"30%\">Finalit\u00e9<\/th>\n<th style=\"text-align: left;\" width=\"70%\">Enqu\u00eates de satisfaction<\/th>\n<\/tr>\n<\/thead>\n<tbody>\n<tr>\n<td style=\"text-align: left;\">Cat\u00e9gories de donn\u00e9es<\/td>\n<td style=\"text-align: left;\">identification <sup>1<\/sup>, identification \u00e9lectronique <sup>2<\/sup><\/td>\n<\/tr>\n<tr>\n<td style=\"text-align: left;\">Sources<\/td>\n<td style=\"text-align: left;\">personnes concern\u00e9es<\/td>\n<\/tr>\n<tr>\n<td style=\"text-align: left;\">Destinataires<\/td>\n<td style=\"text-align: left;\">aucun<sup>5<\/sup><\/td>\n<\/tr>\n<tr>\n<td style=\"text-align: left;\">Dur\u00e9e de conservation<\/td>\n<td style=\"text-align: left;\">anonymisation apr\u00e8s fin du traitement des r\u00e9ponses et envoi de la r\u00e9compense le cas \u00e9ch\u00e9ant)<\/td>\n<\/tr>\n<tr>\n<td style=\"text-align: left;\">Bases l\u00e9gales<\/td>\n<td style=\"text-align: left;\">GDPR, art.6, \u00a71 b) (ex\u00e9cution de mesures contractuelles ou pr\u00e9contractuelles)<br \/>\nGDPR, art.6, \u00a71, f) (int\u00e9r\u00eat l\u00e9gitime : contr\u00f4les qualit\u00e9s, am\u00e9lioration des processus)<\/td>\n<\/tr>\n<tr>\n<td style=\"text-align: left;\">Transfert hors UE<\/td>\n<td style=\"text-align: left;\">non<\/td>\n<\/tr>\n<\/tbody>\n<\/table>\n[\/mk_table][mk_table style=\u00a0\u00bbstyle2&Prime;]\n<table width=\"100%\">\n<thead>\n<tr>\n<th style=\"text-align: left;\" width=\"30%\">Finalit\u00e9<\/th>\n<th style=\"text-align: left;\" width=\"70%\">Analyse de march\u00e9<br \/>\n<em>(suivi statistique des ventes par centrales d\u2019achat)<\/em><\/th>\n<\/tr>\n<\/thead>\n<tbody>\n<tr>\n<td style=\"text-align: left;\">Cat\u00e9gories de donn\u00e9es<\/td>\n<td style=\"text-align: left;\">identification <sup>1<\/sup>, identification \u00e9lectronique <sup>2<\/sup><\/td>\n<\/tr>\n<tr>\n<td style=\"text-align: left;\">Sources<\/td>\n<td style=\"text-align: left;\">centrales d\u2019achat<\/td>\n<\/tr>\n<tr>\n<td style=\"text-align: left;\">Destinataires<\/td>\n<td style=\"text-align: left;\">aucun<sup>5<\/sup><\/td>\n<\/tr>\n<tr>\n<td style=\"text-align: left;\">Dur\u00e9e de conservation<\/td>\n<td style=\"text-align: left;\">10 ans apr\u00e8s la fin du traitement (g\u00e9n\u00e9ralement la fin du contrat)<\/td>\n<\/tr>\n<tr>\n<td style=\"text-align: left;\">Bases l\u00e9gales<\/td>\n<td style=\"text-align: left;\">GDPR, art.6, \u00a71 b) (ex\u00e9cution de mesures contractuelles ou pr\u00e9contractuelles)<br \/>\nGDPR, art.6, \u00a71, f) (int\u00e9r\u00eat l\u00e9gitime : am\u00e9lioration des processus, gestion interne, analyse de march\u00e9)<\/td>\n<\/tr>\n<tr>\n<td style=\"text-align: left;\">Transfert hors UE<\/td>\n<td style=\"text-align: left;\">non<\/td>\n<\/tr>\n<\/tbody>\n<\/table>\n[\/mk_table][mk_table style=\u00a0\u00bbstyle2&Prime;]\n<table width=\"100%\">\n<thead>\n<tr>\n<th style=\"text-align: left;\" width=\"30%\">Finalit\u00e9<\/th>\n<th style=\"text-align: left;\" width=\"70%\">Campagnes d\u2019informations <em>(mailings)<\/em><\/th>\n<\/tr>\n<\/thead>\n<tbody>\n<tr>\n<td style=\"text-align: left;\">Cat\u00e9gories de donn\u00e9es<\/td>\n<td style=\"text-align: left;\">identification <sup>1<\/sup>, identification \u00e9lectronique <sup>2<\/sup><\/td>\n<\/tr>\n<tr>\n<td style=\"text-align: left;\">Sources<\/td>\n<td style=\"text-align: left;\">personnes concern\u00e9es, fournisseur de donn\u00e9es<\/td>\n<\/tr>\n<tr>\n<td style=\"text-align: left;\">Destinataires<\/td>\n<td style=\"text-align: left;\">aucun<sup>5<\/sup><\/td>\n<\/tr>\n<tr>\n<td style=\"text-align: left;\">Dur\u00e9e de conservation<\/td>\n<td style=\"text-align: left;\">dur\u00e9e du consentement<\/td>\n<\/tr>\n<tr>\n<td style=\"text-align: left;\">Bases l\u00e9gales<\/td>\n<td style=\"text-align: left;\">GDPR, art.6, \u00a71 a) (consentement)<br \/>\nGDPR, art.6, \u00a71, f) (int\u00e9r\u00eat l\u00e9gitime : \u00ab soft opt-in \u00bb pour les personnes d\u00e9j\u00e0 clientes chez TILMAN)<\/td>\n<\/tr>\n<tr>\n<td style=\"text-align: left;\">Transfert hors UE<\/td>\n<td style=\"text-align: left;\">non<\/td>\n<\/tr>\n<\/tbody>\n<\/table>\n[\/mk_table][vc_column_text css=\u00a0\u00bb.vc_custom_1539154575145{margin-bottom: 0px !important;}\u00a0\u00bb]\n<h4>3.2. Utilisateurs des produits TILMAN, m\u00e9decins, pharmaciens<\/h4>\n[\/vc_column_text][mk_table style=\u00a0\u00bbstyle2&Prime;]\n<table width=\"100%\">\n<thead>\n<tr>\n<th style=\"text-align: left;\" width=\"30%\">Finalit\u00e9<\/th>\n<th style=\"text-align: left;\" width=\"70%\">Service client <em>(demandes d\u2019information, plaintes)<\/em><\/th>\n<\/tr>\n<\/thead>\n<tbody>\n<tr>\n<td style=\"text-align: left;\"><\/td>\n<td style=\"text-align: left;\"><em>Voir section \u00ab Client &gt; Service client \u00bb<\/em><\/td>\n<\/tr>\n<\/tbody>\n<\/table>\n[\/mk_table][mk_table style=\u00a0\u00bbstyle2&Prime;]\n<table width=\"100%\">\n<thead>\n<tr>\n<th style=\"text-align: left;\" width=\"30%\">Finalit\u00e9<\/th>\n<th style=\"text-align: left;\" width=\"70%\">Pharmacovigilance<\/th>\n<\/tr>\n<\/thead>\n<tbody>\n<tr>\n<td style=\"text-align: left;\">Cat\u00e9gories de donn\u00e9es<\/td>\n<td style=\"text-align: left;\">identification <sup>1<\/sup>, identification \u00e9lectronique <sup>2<\/sup>, date de naissance, \u00e2ge, poids, taille, genre, donn\u00e9es m\u00e9dicales : produit impliqu\u00e9 (et informations de production), effets ind\u00e9sirables, ant\u00e9c\u00e9dents m\u00e9dicaux<\/td>\n<\/tr>\n<tr>\n<td style=\"text-align: left;\">Sources<\/td>\n<td style=\"text-align: left;\">personnes concern\u00e9es, pharmaciens, m\u00e9decins<\/td>\n<\/tr>\n<tr>\n<td style=\"text-align: left;\">Destinataires<\/td>\n<td style=\"text-align: left;\">autorit\u00e9s officielles de pharmacovigilance<\/td>\n<\/tr>\n<tr>\n<td style=\"text-align: left;\">Dur\u00e9e de conservation<\/td>\n<td style=\"text-align: left;\">10 ans apr\u00e8s expiration de l\u2019autorisation de mise sur le march\u00e9<\/td>\n<\/tr>\n<tr>\n<td style=\"text-align: left;\">Bases l\u00e9gales<\/td>\n<td style=\"text-align: left;\">GDPR, art.6, \u00a71 c) (ex\u00e9cution d\u2019obligations l\u00e9gales et r\u00e8glementaires)<br \/>\nGDPR, art.9, \u00a72 i) (motifs d&rsquo;int\u00e9r\u00eat public dans le domaine de la sant\u00e9 publique)<\/td>\n<\/tr>\n<tr>\n<td style=\"text-align: left;\">Transfert hors UE<\/td>\n<td style=\"text-align: left;\">non<\/td>\n<\/tr>\n<\/tbody>\n<\/table>\n[\/mk_table][vc_column_text css=\u00a0\u00bb.vc_custom_1539154937175{margin-bottom: 0px !important;}\u00a0\u00bb]\n<h4>3.3. Professionnels de la sant\u00e9, organisations<\/h4>\n[\/vc_column_text][mk_table style=\u00a0\u00bbstyle2&Prime;]\n<table width=\"100%\">\n<thead>\n<tr>\n<th style=\"text-align: left;\" width=\"30%\">Finalit\u00e9<\/th>\n<th style=\"text-align: left;\" width=\"70%\">Service client <em>(demandes d\u2019information, plaintes)<\/em><\/th>\n<\/tr>\n<\/thead>\n<tbody>\n<tr>\n<td style=\"text-align: left;\"><\/td>\n<td style=\"text-align: left;\"><em>Voir section \u00ab Client &gt; Service client \u00bb<\/em><\/td>\n<\/tr>\n<\/tbody>\n<\/table>\n[\/mk_table][mk_table style=\u00a0\u00bbstyle2&Prime;]\n<table width=\"100%\">\n<thead>\n<tr>\n<th style=\"text-align: left;\" width=\"30%\">Finalit\u00e9<\/th>\n<th style=\"text-align: left;\" width=\"70%\">Campagnes d\u2019informations <em>(emailings)<\/em><\/th>\n<\/tr>\n<\/thead>\n<tbody>\n<tr>\n<td style=\"text-align: left;\"><\/td>\n<td style=\"text-align: left;\"><em>Voir section \u00ab Client &gt; Campagnes d\u2019information \u00bb<\/em><\/td>\n<\/tr>\n<\/tbody>\n<\/table>\n[\/mk_table][mk_table style=\u00a0\u00bbstyle2&Prime;]\n<table width=\"100%\">\n<thead>\n<tr>\n<th style=\"text-align: left;\" width=\"30%\">Finalit\u00e9<\/th>\n<th style=\"text-align: left;\" width=\"70%\">be Transparent<\/th>\n<\/tr>\n<\/thead>\n<tbody>\n<tr>\n<td style=\"text-align: left;\">Cat\u00e9gories de donn\u00e9es<\/td>\n<td style=\"text-align: left;\">identification <sup>1<\/sup>, identification \u00e9lectronique <sup>2<\/sup>, donn\u00e9es administratives <sup>3<\/sup> (num\u00e9ro d\u2019entreprise), donn\u00e9es sectorielles <sup>4 <\/sup>(num\u00e9ro INAMI), num\u00e9ro de registre national, donn\u00e9es financi\u00e8res<\/td>\n<\/tr>\n<tr>\n<td style=\"text-align: left;\">Sources<\/td>\n<td style=\"text-align: left;\">personnes concern\u00e9es, bases de donn\u00e9es officielles<\/td>\n<\/tr>\n<tr>\n<td style=\"text-align: left;\">Destinataires<\/td>\n<td style=\"text-align: left;\">betransparent.be<\/td>\n<\/tr>\n<tr>\n<td style=\"text-align: left;\">Dur\u00e9e de conservation<\/td>\n<td style=\"text-align: left;\">d\u00e9lai l\u00e9gal : 10 ans \u00e0 partir de la publication<\/td>\n<\/tr>\n<tr>\n<td style=\"text-align: left;\">Bases l\u00e9gales<\/td>\n<td style=\"text-align: left;\">GDPR, art.6, \u00a71 c) (ex\u00e9cution d\u2019obligations l\u00e9gales et r\u00e8glementaires)<\/td>\n<\/tr>\n<tr>\n<td style=\"text-align: left;\">Transfert hors UE<\/td>\n<td style=\"text-align: left;\">non<\/td>\n<\/tr>\n<\/tbody>\n<\/table>\n[\/mk_table][\/vc_column][vc_column width=\u00a0\u00bb1\/2&Prime;][vc_column_text css=\u00a0\u00bb.vc_custom_1539156364865{margin-bottom: 0px !important;}\u00a0\u00bb]\n<h4>3.3. Professionnels de la sant\u00e9, organisations<\/h4>\n<p><em>(suite)<\/em>[\/vc_column_text][mk_table style=\u00a0\u00bbstyle2&Prime;]\n<table width=\"100%\">\n<thead>\n<tr>\n<th style=\"text-align: left;\" width=\"30%\">Finalit\u00e9<\/th>\n<th style=\"text-align: left;\" width=\"70%\">Coupons <em>(\u00e9v\u00e8nementiel et presse sp\u00e9cialis\u00e9e)<\/em><\/th>\n<\/tr>\n<\/thead>\n<tbody>\n<tr>\n<td style=\"text-align: left;\">Cat\u00e9gories de donn\u00e9es<\/td>\n<td style=\"text-align: left;\">identification <sup>1<\/sup>, identification \u00e9lectronique <sup>2<\/sup>, donn\u00e9es sectorielles <sup>4 <\/sup>(num\u00e9ro INAMI), langue<\/td>\n<\/tr>\n<tr>\n<td style=\"text-align: left;\">Sources<\/td>\n<td style=\"text-align: left;\">personnes concern\u00e9es<\/td>\n<\/tr>\n<tr>\n<td style=\"text-align: left;\">Destinataires<\/td>\n<td style=\"text-align: left;\">aucun<sup>5<\/sup><\/td>\n<\/tr>\n<tr>\n<td style=\"text-align: left;\">Dur\u00e9e de conservation<\/td>\n<td style=\"text-align: left;\">d\u00e9lai l\u00e9gal : 10 ans \u00e0 partir de la publication<\/td>\n<\/tr>\n<tr>\n<td style=\"text-align: left;\">Bases l\u00e9gales<\/td>\n<td style=\"text-align: left;\">Pour les coupons \u00e9v\u00e8nementiels : dur\u00e9e de l\u2019\u00e9v\u00e8nement.<br \/>\nPour les coupons dans la presse : dur\u00e9e de l\u2019interaction.<br \/>\nLa dur\u00e9e est plus longue si les donn\u00e9es sont utilis\u00e9es dans le cadre d\u2019autres traitements mentionn\u00e9s dans cette section.<\/td>\n<\/tr>\n<tr>\n<td style=\"text-align: left;\">Transfert hors UE<\/td>\n<td style=\"text-align: left;\">non<\/td>\n<\/tr>\n<\/tbody>\n<\/table>\n[\/mk_table][vc_column_text css=\u00a0\u00bb.vc_custom_1539154968286{margin-bottom: 0px !important;}\u00a0\u00bb]\n<h4>3.4. Fournisseurs<\/h4>\n[\/vc_column_text][mk_table style=\u00a0\u00bbstyle2&Prime;]\n<table width=\"100%\">\n<thead>\n<tr>\n<th style=\"text-align: left;\" width=\"30%\">Finalit\u00e9<\/th>\n<th style=\"text-align: left;\" width=\"70%\">Gestion fournisseur<br \/>\n<em>(s\u00e9lection, suivi des commandes, comptabilit\u00e9 et administration, contr\u00f4les qualit\u00e9)<\/em><\/th>\n<\/tr>\n<\/thead>\n<tbody>\n<tr>\n<td style=\"text-align: left;\">Cat\u00e9gories de donn\u00e9es<\/td>\n<td style=\"text-align: left;\">identification <sup>1<\/sup>, identification \u00e9lectronique <sup>2<\/sup>, donn\u00e9es administratives <sup>3<\/sup>, contenu des communications.<\/td>\n<\/tr>\n<tr>\n<td style=\"text-align: left;\">Sources<\/td>\n<td style=\"text-align: left;\">personnes concern\u00e9es, bases de donn\u00e9es officielles, bases de donn\u00e9es commerciales (publiques)<\/td>\n<\/tr>\n<tr>\n<td style=\"text-align: left;\">Destinataires<\/td>\n<td style=\"text-align: left;\">administrations publiques<\/td>\n<\/tr>\n<tr>\n<td style=\"text-align: left;\">Dur\u00e9e de conservation<\/td>\n<td style=\"text-align: left;\">10 ans apr\u00e8s la fin du traitement (g\u00e9n\u00e9ralement la fin du contrat)<\/td>\n<\/tr>\n<tr>\n<td style=\"text-align: left;\">Bases l\u00e9gales<\/td>\n<td style=\"text-align: left;\">GDPR, art.6, \u00a71 b) (ex\u00e9cution de mesures contractuelles ou pr\u00e9contractuelles)<br \/>\nGDPR, art.6, \u00a71 c) (ex\u00e9cution d\u2019obligations l\u00e9gales et r\u00e8glementaires)<br \/>\nGDPR, art.6, \u00a71, f)  (int\u00e9r\u00eat l\u00e9gitime : s\u00e9lection et gestion des fournisseurs, contr\u00f4les qualit\u00e9s, am\u00e9lioration des processus, protection des droits de TILMAN)<\/td>\n<\/tr>\n<tr>\n<td style=\"text-align: left;\">Transfert hors UE<\/td>\n<td style=\"text-align: left;\">non<\/td>\n<\/tr>\n<\/tbody>\n<\/table>\n[\/mk_table][vc_column_text css=\u00a0\u00bb.vc_custom_1539155111050{margin-bottom: 0px !important;}\u00a0\u00bb]\n<h4>3.5. Prospects<\/h4>\n[\/vc_column_text][mk_table style=\u00a0\u00bbstyle2&Prime;]\n<table width=\"100%\">\n<thead>\n<tr>\n<th style=\"text-align: left;\" width=\"30%\">Finalit\u00e9<\/th>\n<th style=\"text-align: left;\" width=\"70%\">Service prospect<em>(demande d\u2019information)<\/em><\/th>\n<\/tr>\n<\/thead>\n<tbody>\n<tr>\n<td style=\"text-align: left;\"><\/td>\n<td style=\"text-align: left;\"><em>Voir section \u00ab Client &gt; Service client \u00bb<\/em><\/td>\n<\/tr>\n<\/tbody>\n<\/table>\n[\/mk_table][mk_table style=\u00a0\u00bbstyle2&Prime;]\n<table width=\"100%\">\n<thead>\n<tr>\n<th style=\"text-align: left;\" width=\"30%\">Finalit\u00e9<\/th>\n<th style=\"text-align: left;\" width=\"70%\">Campagnes d\u2019informations <em>(mailings) <\/em><\/th>\n<\/tr>\n<\/thead>\n<tbody>\n<tr>\n<td style=\"text-align: left;\"><\/td>\n<td style=\"text-align: left;\"><em>Voir section \u00ab Client &gt; Campagnes d\u2019information \u00bb<\/em><\/td>\n<\/tr>\n<\/tbody>\n<\/table>\n[\/mk_table][mk_table style=\u00a0\u00bbstyle2&Prime;]\n<table width=\"100%\">\n<thead>\n<tr>\n<th style=\"text-align: left;\" width=\"30%\">Finalit\u00e9<\/th>\n<th style=\"text-align: left;\" width=\"70%\">Prospection g\u00e9n\u00e9rale<\/th>\n<\/tr>\n<\/thead>\n<tbody>\n<tr>\n<td style=\"text-align: left;\">Cat\u00e9gories de donn\u00e9es<\/td>\n<td style=\"text-align: left;\">identification <sup>1<\/sup>, identification \u00e9lectronique <sup>2<\/sup>, donn\u00e9es administratives <sup>3<\/sup>, donn\u00e9es sectorielles <sup>4<\/sup>, code client, fonction, cat\u00e9gorie \/ groupe d\u2019appartenance, langue, devise, particularit\u00e9s financi\u00e8res, repr\u00e9sentant, transport, contenu des communications, informations commerciales<\/td>\n<\/tr>\n<tr>\n<td style=\"text-align: left;\">Sources<\/td>\n<td style=\"text-align: left;\">personnes concern\u00e9es, bases de donn\u00e9es officielles, bases de donn\u00e9es commerciales (publiques)<\/td>\n<\/tr>\n<tr>\n<td style=\"text-align: left;\">Destinataires<\/td>\n<td style=\"text-align: left;\">d\u00e9l\u00e9gu\u00e9s commerciaux, distributeurs et interm\u00e9diaires commerciaux<\/td>\n<\/tr>\n<tr>\n<td style=\"text-align: left;\">Dur\u00e9e de conservation<\/td>\n<td style=\"text-align: left;\">Ind\u00e9termin\u00e9 (dur\u00e9e normale de gestion de prospects)<\/td>\n<\/tr>\n<tr>\n<td style=\"text-align: left;\">Bases l\u00e9gales<\/td>\n<td style=\"text-align: left;\">GDPR, art.6, \u00a71, f)  (int\u00e9r\u00eat l\u00e9gitime : prospection de client\u00e8le professionnelle, d\u00e9veloppement des activit\u00e9s \u00e9conomiques)<\/td>\n<\/tr>\n<tr>\n<td style=\"text-align: left;\">Transfert hors UE<\/td>\n<td style=\"text-align: left;\">non<\/td>\n<\/tr>\n<\/tbody>\n<\/table>\n[\/mk_table][vc_column_text css=\u00a0\u00bb.vc_custom_1539155916833{margin-bottom: 0px !important;}\u00a0\u00bb]\n<h4>3.6. Candidats \u00e0 l\u2019emploi<\/h4>\n[\/vc_column_text][mk_table style=\u00a0\u00bbstyle2&Prime;]\n<table width=\"100%\">\n<thead>\n<tr>\n<th style=\"text-align: left;\" width=\"30%\">Finalit\u00e9<\/th>\n<th style=\"text-align: left;\" width=\"70%\">Recrutement<\/th>\n<\/tr>\n<\/thead>\n<tbody>\n<tr>\n<td style=\"text-align: left;\">Cat\u00e9gories de donn\u00e9es<\/td>\n<td style=\"text-align: left;\">identification <sup>1<\/sup>, identification \u00e9lectronique <sup>2<\/sup>, composition familiale, loisirs, \u00e9ducation, donn\u00e9es professionnelles donn\u00e9es du CV<\/td>\n<\/tr>\n<tr>\n<td style=\"text-align: left;\">Sources<\/td>\n<td style=\"text-align: left;\">personnes concern\u00e9es<\/td>\n<\/tr>\n<tr>\n<td style=\"text-align: left;\">Destinataires<\/td>\n<td style=\"text-align: left;\">aucun<sup>5<\/sup><\/td>\n<\/tr>\n<tr>\n<td style=\"text-align: left;\">Dur\u00e9e de conservation<\/td>\n<td style=\"text-align: left;\">dur\u00e9e recrutement. La dur\u00e9e peut \u00eatre port\u00e9e \u00e0 un an avec le consentement de la personne concern\u00e9e.<\/td>\n<\/tr>\n<tr>\n<td style=\"text-align: left;\">Bases l\u00e9gales<\/td>\n<td style=\"text-align: left;\">GDPR, art.6, \u00a71 b) (mesures pr\u00e9contractuelles)<br \/>\nGDPR, art.6, \u00a71 a) (consentement pour conservation ult\u00e9rieure)<\/td>\n<\/tr>\n<tr>\n<td style=\"text-align: left;\">Transfert hors UE<\/td>\n<td style=\"text-align: left;\">non<\/td>\n<\/tr>\n<\/tbody>\n<\/table>\n[\/mk_table][vc_column_text css=\u00a0\u00bb.vc_custom_1539155931840{margin-bottom: 0px !important;}\u00a0\u00bb]\n<h4>3.7. Associations et b\u00e9n\u00e9ficiaires de sponsors<\/h4>\n[\/vc_column_text][mk_table style=\u00a0\u00bbstyle2&Prime;]\n<table width=\"100%\">\n<thead>\n<tr>\n<th style=\"text-align: left;\" width=\"30%\">Finalit\u00e9<\/th>\n<th style=\"text-align: left;\" width=\"70%\">Sponsoring<\/th>\n<\/tr>\n<\/thead>\n<tbody>\n<tr>\n<td style=\"text-align: left;\">Cat\u00e9gories de donn\u00e9es<\/td>\n<td style=\"text-align: left;\">identification <sup>1<\/sup>, identification \u00e9lectronique <sup>2<\/sup>, donn\u00e9es administratives <sup>3<\/sup><\/td>\n<\/tr>\n<tr>\n<td style=\"text-align: left;\">Sources<\/td>\n<td style=\"text-align: left;\">personnes concern\u00e9es<\/td>\n<\/tr>\n<tr>\n<td style=\"text-align: left;\">Destinataires<\/td>\n<td style=\"text-align: left;\">aucun<sup>5<\/sup><\/td>\n<\/tr>\n<tr>\n<td style=\"text-align: left;\">Dur\u00e9e de conservation<\/td>\n<td style=\"text-align: left;\">10 ans apr\u00e8s la fin du traitement (g\u00e9n\u00e9ralement la fin du contrat)<\/td>\n<\/tr>\n<tr>\n<td style=\"text-align: left;\">Bases l\u00e9gales<\/td>\n<td style=\"text-align: left;\">GDPR, art.6, \u00a71 b) (ex\u00e9cution de mesures contractuelles ou pr\u00e9contractuelles)<\/td>\n<\/tr>\n<tr>\n<td style=\"text-align: left;\">Transfert hors UE<\/td>\n<td style=\"text-align: left;\">non<\/td>\n<\/tr>\n<\/tbody>\n<\/table>\n[\/mk_table][vc_column_text css=\u00a0\u00bb.vc_custom_1539155940885{margin-bottom: 0px !important;}\u00a0\u00bb]\n<h4>3.8. Visiteurs<\/h4>\n[\/vc_column_text][mk_table style=\u00a0\u00bbstyle2&Prime;]\n<table width=\"100%\">\n<thead>\n<tr>\n<th style=\"text-align: left;\" width=\"30%\">Finalit\u00e9<\/th>\n<th style=\"text-align: left;\" width=\"70%\">S\u00e9curit\u00e9<br \/>\n<em>(enregistrement des entr\u00e9es et sorties dans nos b\u00e2timents)<\/em><\/th>\n<\/tr>\n<\/thead>\n<tbody>\n<tr>\n<td style=\"text-align: left;\">Cat\u00e9gories de donn\u00e9es<\/td>\n<td style=\"text-align: left;\">identification <sup>1<\/sup>, nom de l\u2019employeur, donn\u00e9es de visite (heures d\u2019arriv\u00e9e et de d\u00e9part)<\/td>\n<\/tr>\n<tr>\n<td style=\"text-align: left;\">Sources<\/td>\n<td style=\"text-align: left;\">personnes concern\u00e9es<\/td>\n<\/tr>\n<tr>\n<td style=\"text-align: left;\">Destinataires<\/td>\n<td style=\"text-align: left;\">aucun<sup>5<\/sup><\/td>\n<\/tr>\n<tr>\n<td style=\"text-align: left;\">Dur\u00e9e de conservation<\/td>\n<td style=\"text-align: left;\">30 jours<\/td>\n<\/tr>\n<tr>\n<td style=\"text-align: left;\">Bases l\u00e9gales<\/td>\n<td style=\"text-align: left;\">GDPR, art.6, \u00a71, c) (ex\u00e9cution d\u2019obligations l\u00e9gales et r\u00e8glementaires)<br \/>\nGDPR, art.6, \u00a71, f)  (int\u00e9r\u00eat l\u00e9gitime : protection de l\u2019entreprise, de ses biens et de son personnel)<\/td>\n<\/tr>\n<tr>\n<td style=\"text-align: left;\">Transfert hors UE<\/td>\n<td style=\"text-align: left;\">non<\/td>\n<\/tr>\n<\/tbody>\n<\/table>\n[\/mk_table][vc_column_text css=\u00a0\u00bb.vc_custom_1539156750200{margin-bottom: 0px !important;}\u00a0\u00bb]<em style=\"font-size: 12px;\"><sup>1 <\/sup>Les donn\u00e9es d\u2019 \u00ab <strong>identification<\/strong> \u00bb comprennent : pr\u00e9nom, nom, adresse physique et num\u00e9ro de t\u00e9l\u00e9phone.<\/em><\/p>\n<p><em style=\"font-size: 12px;\"><sup>2 <\/sup>Les donn\u00e9es d\u2019 \u00ab <strong>identification \u00e9lectronique<\/strong> \u00bb comprennent l\u2019adresse email (et \u00e9ventuellement, des identifiants sur internet ou les r\u00e9seaux sociaux)<\/em><\/p>\n<p><em style=\"font-size: 12px;\"><sup>3 <\/sup>Les \u00ab <strong>donn\u00e9es administratives<\/strong> \u00bb sont toutes les donn\u00e9es n\u00e9cessaires \u00e0 la fiscalit\u00e9 et \u00e0 la comptabilit\u00e9 (TVA, BCE, codes JNL,\u2026).<\/em><\/p>\n<p><em style=\"font-size: 12px;\"><sup>4 <\/sup>Les \u00ab <strong>donn\u00e9es sectorielles<\/strong> \u00bb sont toutes les donn\u00e9es li\u00e9es \u00e0 l\u2019identification, la certification, la labellisation ou l\u2019autorisation en tant qu\u2019acteur \u00e9conomique (entre autres, dans le secteur de la production et distribution pharmaceutique : code IMS, code APB, num\u00e9ro INAMI, code de l\u2019organisme de contr\u00f4le BIO, num\u00e9ro d\u2019identification FLOCERT), \u00e0 la logistique (ex. : code EAN, Certipost) ou \u00e0 la logique organisationnelle (SCM, MPO).<\/em><\/p>\n<p><em style=\"font-size: 12px;\"><sup>5 <\/sup>Les donn\u00e9es sont au minimum rendues accessibles au personnel et aux sous-traitants de l\u2019entreprise TILMAN (des r\u00e8gles d\u2019acc\u00e8s sont \u00e9tablies afin que seules les personnes qui en ont besoin dans le cadre de leur travail aient acc\u00e8s aux donn\u00e9es). \u00ab <strong>Aucun<\/strong> \u00bb signifie que les donn\u00e9es ne sont communiqu\u00e9es \u00e0 aucune autre personne ou entit\u00e9 tierce.<\/em>[\/vc_column_text][\/vc_column][\/vc_row][vc_row][vc_column][vc_column_text css=\u00a0\u00bb.vc_custom_1539155977149{margin-bottom: 0px !important;}\u00a0\u00bb]\n<h3>4. Vos droits en tant que personne concern\u00e9e<\/h3>\n<p>Les Lois sur la protection des donn\u00e9es vous accordent des droits selon certaines bases et conditions, y compris les droits d\u2019acc\u00e8s, de rectification, d\u2019opposition au traitement, ou de demande d\u2019effacement ou de portabilit\u00e9 de vos donn\u00e9es personnelles, ainsi que le droit de demander la limitation du traitement. Sous certaines conditions, vous avez \u00e9galement un droit \u00e0 la portabilit\u00e9 de vos donn\u00e9es.<\/p>\n<p>Veuillez nous contacter tel que pr\u00e9cis\u00e9 dans la section \u00ab Qui contacter \u00e0 propos de vos donn\u00e9es personnelles \u00bb ci-dessous pour formuler toute requ\u00eate d\u2019exercice de vos droits ou si vous avez des questions ou des pr\u00e9occupations concernant la fa\u00e7on dont nous traitons vos donn\u00e9es personnelles.<\/p>\n<p>Veuillez noter que certaines donn\u00e9es personnelles peuvent \u00eatre exempt\u00e9es des droits d\u2019acc\u00e8s, de rectification, d\u2019opposition, de suppression, de limitation ou de portabilit\u00e9 conform\u00e9ment aux Lois sur la protection des donn\u00e9es personnelles ou d\u2019autres l\u00e9gislations.<\/p>\n<p>&nbsp;<\/p>\n<h3>5. S\u00e9curit\u00e9<\/h3>\n<p>Tilman prendra les mesures techniques, physiques, juridiques et organisationnelles appropri\u00e9es, qui sont conformes aux Lois sur la protection des donn\u00e9es personnelles. Malheureusement, aucune transmission de donn\u00e9es au travers d\u2019Internet ni aucun syst\u00e8me de conservation de donn\u00e9es ne peut \u00eatre garanti comme \u00e9tant \u00e0 100% s\u00e9curis\u00e9. Si vous avez des raisons de penser qu\u2019une interaction avec nous n\u2019est plus s\u00e9curis\u00e9 (par exemple si vous estimez que la s\u00e9curit\u00e9 de toute donn\u00e9e personnelle que vous pourriez avoir aupr\u00e8s de nous a \u00e9t\u00e9 compromise), veuillez-nous en informer imm\u00e9diatement. Voyez la section \u00ab Qui contacter \u00e0 propos de vos donn\u00e9es personnelles \u00bb ci-dessous.<\/p>\n<p>Lorsque Tilman fournit des donn\u00e9es personnelles \u00e0 un prestataire de services, le prestataire de services est s\u00e9lectionn\u00e9 avec soin et doit utiliser des mesures appropri\u00e9es pour prot\u00e9ger la confidentialit\u00e9 et la s\u00e9curit\u00e9 des donn\u00e9es personnelles.<\/p>\n<p>&nbsp;<\/p>\n<h3>6. Donn\u00e9es personnelles de tiers<\/h3>\n<p>Si vous nous fournissez des donn\u00e9es personnelles de tiers, vous acceptez : (a) d\u2019informer le tiers \u00e0 propos du contenu de la pr\u00e9sente Politique vie priv\u00e9e ; et (b) d\u2019obtenir le consentement requis pour la collecte, l\u2019utilisation, la divulgation et le transfert (y compris le transfert transfrontalier) des donn\u00e9es personnelles du tiers conform\u00e9ment \u00e0 cette Politique vie priv\u00e9e, \u00e0 moins que vous ne puissiez d\u00e9montrer que vous pouvez vous appuyer sur une autre base l\u00e9gale que le consentement.<\/p>\n<p>&nbsp;<\/p>\n<h3>7. R\u00e9clamations<\/h3>\n<p>Si vous n\u2019\u00eates pas satisfaits de notre traitement de vos donn\u00e9es personnelles et si vous pensez que nous contacter ne r\u00e9soudra pas le probl\u00e8me, les Lois sur la protection des donn\u00e9es vous donnent le droit de d\u00e9poser une plainte aupr\u00e8s de l\u2019autorit\u00e9 de contr\u00f4le comp\u00e9tente (plus d\u2019informations sur le site web de celle-ci : <a href=\"https:\/\/www.autoriteprotectiondonnees.be\/\">https:\/\/www.autoriteprotectiondonnees.be\/<\/a>).<\/p>\n<p>&nbsp;<\/p>\n<h3>8. Qui contacter \u00e0 propos de vos donn\u00e9es personnelles<\/h3>\n<p>Si vous avez des questions \u00e0 propos de notre utilisation de vos donn\u00e9es personnelles vous pouvez<\/p>\n<ul>\n<li>nous envoyer un courrier \u00e9lectronique \u00e0 l\u2019adresse suivante : <a href=\"mailto:privacy@tilman.be\"><strong>privacy@tilman.be<\/strong><\/a>,<\/li>\n<li>ou nous \u00e9crire \u00e0 l\u2019adresse physique suivante :<br \/>\n<strong>TILMAN S.A.<br \/>\n<\/strong><strong>15, Z.I. Sud<br \/>\n<\/strong><strong>5377 Baillonville<br \/>\n<\/strong><strong>BELGIQUE<\/strong><\/li>\n<\/ul>\n<ul>\n<li>ou contacter notre DPO \u00e0 l\u2019adresse \u00e9lectronique suivante : <a href=\"mailto:dpo@tilman.be\"><strong>dpo@tilman.be<\/strong><\/a><\/li>\n<\/ul>\n<p>&nbsp;<\/p>\n<h3>9. Modifications de cette Politique<\/h3>\n<p>Nous r\u00e9visons r\u00e9guli\u00e8rement cette Politique et nous r\u00e9servons d\u2019y apporter des changements \u00e0 tout moment pour prendre en compte des changements dans nos activit\u00e9s ou de nouvelles exigences l\u00e9gales.<\/p>\n<p>Pour vous informer des changements, nous publierons les mises \u00e0 jour sur notre site web : <a href=\"http:\/\/www.tilman.be\">www.tilman.be<\/a>. Dans certains cas, nous pouvons \u00e9galement vous avertir par courriel.<\/p>\n<p>Veuillez v\u00e9rifier la date de \u00ab derni\u00e8re mise \u00e0 jour \u00bb en haut de cette Politique pour savoir quand elle a \u00e9t\u00e9 r\u00e9vis\u00e9e pour la derni\u00e8re fois.[\/vc_column_text][\/vc_column][\/vc_row]\n","protected":false},"excerpt":{"rendered":"<p>[vc_row][vc_column][vc_column_text css=\u00a0\u00bb.vc_custom_1539156117279{margin-bottom: 0px !important;}\u00a0\u00bb] TILMAN S.A Politique de protection des donn\u00e9es \u00e0 caract\u00e8re personnel (Derni\u00e8re mise \u00e0 jour : 09 octobre 2018) &nbsp; 1. Qui sommes-nous ? Ce document constitue la politique de protection des donn\u00e9es \u00e0 caract\u00e8re personnel de TILMAN S.A., soci\u00e9t\u00e9 de droit belge, ayant son si\u00e8ge sis \u00e0 Zone d&rsquo;activit\u00e9s Sud, Bail. 15, 5377 Somme-Leuze, enregistr\u00e9e aupr\u00e8s de la Banque Carrefour des Entreprises sous le num\u00e9ro 0458.493.759, et ayant pour adresse de courrier \u00e9lectronique : privacy@tilman.be (ci-apr\u00e8s d\u00e9nomm\u00e9e \u201cTilman\u201d ou \u201cnous\u201d). Coordonn\u00e9es de contact du d\u00e9l\u00e9gu\u00e9 \u00e0 la protection des donn\u00e9es du responsable du traitement: dpo@tilman.be Dans le cadre de nos activit\u00e9s, nous sommes amen\u00e9s \u00e0 collecter, stocker, traiter et parfois partager des donn\u00e9es \u00e0 caract\u00e8re personnel. &nbsp; 2. Objectif de cette politique 2.1. Information Soucieux du respect de votre vie priv\u00e9e et conscients de l\u2019importance de respecter nos obligations l\u00e9gales en la mati\u00e8re, nous mettons tout en \u0153uvre afin de prot\u00e9ger vos donn\u00e9es \u00e0 caract\u00e8re personnel. Cette politique a pour but de vous informer (en votre qualit\u00e9 de \u00ab personne concern\u00e9e \u00bb) sur la mani\u00e8re dont nous (en notre qualit\u00e9 de \u00ab responsable du traitement \u00bb) traitons vos donn\u00e9es personnelles, conform\u00e9ment \u00e0 toutes les lois et r\u00e8glements sur la protection des donn\u00e9es et la vie priv\u00e9e en vigueur (ci-apr\u00e8s d\u00e9nomm\u00e9 \u00ab Lois sur la protection des donn\u00e9es \u00bb), et, plus particuli\u00e8rement et entre autres, en application des articles 13 et 14 du R\u00e8glement (UE) 2016\/679 (ou \u00ab RGPD \u00bb). Cette politique a \u00e9galement pour objectif de vous informer sur vos droits concernant le traitement de vos donn\u00e9es \u00e0 caract\u00e8re personnel. &nbsp; 2.2. Consentement \u00e9clair\u00e9 Dans certains cas (sp\u00e9cifi\u00e9s ci-dessous), la base juridique de notre traitement de donn\u00e9es est votre consentement \u00e9clair\u00e9. Dans de tels cas, l\u2019autre objectif de cette politique est de vous fournir les informations n\u00e9cessaires pour obtenir un consentement valide de votre part. Lorsque notre traitement de donn\u00e9es personnelles est bas\u00e9 sur votre consentement, vous avez le droit de retirer votre consentement \u00e0 tout moment, sans que ce retrait ne puisse toutefois affecter la lic\u00e9it\u00e9 du traitement effectu\u00e9 pr\u00e9alablement \u00e0 ce retrait. Pour retirer votre consentement, vous \u00eates invit\u00e9 \u00e0 utiliser les proc\u00e9dures de d\u00e9sinscription facile qui vous sont fournies par nos outils de communications ou en nous envoyant un courrier \u00e9lectronique (\u00e0 l\u2019adresse indiqu\u00e9e dans la section \u00ab section \u00ab Qui contacter \u00e0 propos de vos donn\u00e9es personnelles \u00bb). Lorsque notre traitement de donn\u00e9es personnelles est bas\u00e9 sur votre consentement, il est de notre devoir de pouvoir d\u00e9montrer que vous avez consenti au traitement de vos donn\u00e9es personnelles. Pour ce faire nous conservons des donn\u00e9es relatives \u00e0 votre consentement aussi longtemps que nous avons besoin de d\u00e9montrer notre pleine et enti\u00e8re conformit\u00e9 aux Lois sur la protection des donn\u00e9es. Si vous avez moins de 16 ans, il est de notre devoir de faire des efforts raisonnables pour v\u00e9rifier, dans de tels cas, que le consentement est donn\u00e9 ou autoris\u00e9 par le titulaire de l\u2019autorit\u00e9 parentale, tenant compte de la technologie disponible. Ceci explique pourquoi, le cas \u00e9ch\u00e9ant, nous pouvons \u00eatre amen\u00e9s \u00e0 demander plus d\u2019informations sur ce titulaire de l\u2019autorit\u00e9 parentale. 3. Information sur les diff\u00e9rents traitements de donn\u00e9es personnelles Dans cette section 3, pour chaque traitement que nous effectuons, nous vous fournissons des informations sur : Les finalit\u00e9s du traitement (pourquoi nous traitons vos donn\u00e9es); Les bases l\u00e9gales du traitement (qu\u2019est-ce qui justifie le traitement); lorsque cette base l\u00e9gale est un int\u00e9r\u00eat l\u00e9gitime, nous mentionnons la nature de celui-ci; Les cat\u00e9gories de donn\u00e9es personnelles concern\u00e9es (quels types de donn\u00e9es sont trait\u00e9es); Le cas \u00e9ch\u00e9ant, les cat\u00e9gories de destinataires de donn\u00e9es personnelles (avec qui nous partageons les donn\u00e9es) ; Le cas \u00e9ch\u00e9ant, le transfert de donn\u00e9es personnelles \u00e0 des destinataires dans des pays tiers \u00e0 l\u2019UE ou \u00e0 des organisations internationales et les garanties permettant ce transfert; La dur\u00e9e de conservation des donn\u00e9es personnelles, ou si ce n\u2019est pas possible de le pr\u00e9ciser, le crit\u00e8re utilis\u00e9 pour d\u00e9terminer cette dur\u00e9e ; Afin d\u2019\u00eatre aussi transparente et clair que possible, cette information est pr\u00e9sent\u00e9e dans les tableaux ci-dessous, et est fournie par cat\u00e9gorie de personnes concern\u00e9es et par finalit\u00e9.[\/vc_column_text][\/vc_column][\/vc_row][vc_row][vc_column width=\u00a0\u00bb1\/2&Prime;][vc_column_text css=\u00a0\u00bb.vc_custom_1539156096476{margin-bottom: 0px !important;}\u00a0\u00bb] 3.1. Clients [\/vc_column_text][mk_table style=\u00a0\u00bbstyle2&Prime;] Finalit\u00e9 Service client (demandes d\u2019information, plaintes, service apr\u00e8s-vente) Cat\u00e9gories de donn\u00e9es identification 1, identification \u00e9lectronique 2, contenu des communications, informations commerciales, description de la plainte. Sources personnes concern\u00e9es Destinataires aucun5 Dur\u00e9e de conservation dur\u00e9e de l\u2019interaction. La dur\u00e9e est plus longue si les donn\u00e9es sont utilis\u00e9es dans le cadre d\u2019autres traitements mentionn\u00e9s dans cette section. Bases l\u00e9gales GDPR, art.6, \u00a71 a) (consentement) GDPR, art.6, \u00a71 c) (ex\u00e9cution d\u2019obligations l\u00e9gales et r\u00e8glementaires) Transfert hors UE non [\/mk_table][mk_table style=\u00a0\u00bbstyle2&Prime;] Finalit\u00e9 Gestion client (suivi et ex\u00e9cution de commandes, informations commerciales, facturation) Cat\u00e9gories de donn\u00e9es identification 1, identification \u00e9lectronique 2, donn\u00e9es administratives 3, donn\u00e9es sectorielles 4, code client, fonction, cat\u00e9gorie \/ groupe d\u2019appartenance, langue, devise, particularit\u00e9s financi\u00e8res, repr\u00e9sentant, transport, contenu des communications, informations commerciales. Sources personnes concern\u00e9es, bases de donn\u00e9es officielles, bases de donn\u00e9es commerciales (publiques) Destinataires d\u00e9l\u00e9gu\u00e9s commerciaux, distributeurs et interm\u00e9diaires commerciaux, administrations publiques Dur\u00e9e de conservation 10 ans apr\u00e8s la fin du traitement (g\u00e9n\u00e9ralement la fin du contrat) Bases l\u00e9gales GDPR, art.6, \u00a71 b) (ex\u00e9cution de mesures contractuelles ou pr\u00e9contractuelles) GDPR, art.6, \u00a71 c) (ex\u00e9cution d\u2019obligations l\u00e9gales et r\u00e8glementaires) Transfert hors UE non [\/mk_table][mk_table style=\u00a0\u00bbstyle2&Prime;] Finalit\u00e9 Enqu\u00eates de satisfaction Cat\u00e9gories de donn\u00e9es identification 1, identification \u00e9lectronique 2 Sources personnes concern\u00e9es Destinataires aucun5 Dur\u00e9e de conservation anonymisation apr\u00e8s fin du traitement des r\u00e9ponses et envoi de la r\u00e9compense le cas \u00e9ch\u00e9ant) Bases l\u00e9gales GDPR, art.6, \u00a71 b) (ex\u00e9cution de mesures contractuelles ou pr\u00e9contractuelles) GDPR, art.6, \u00a71, f) (int\u00e9r\u00eat l\u00e9gitime : contr\u00f4les qualit\u00e9s, am\u00e9lioration des processus) Transfert hors UE non [\/mk_table][mk_table style=\u00a0\u00bbstyle2&Prime;] Finalit\u00e9 Analyse de march\u00e9 (suivi statistique des ventes par centrales d\u2019achat) Cat\u00e9gories de donn\u00e9es identification 1, identification \u00e9lectronique 2 Sources centrales d\u2019achat Destinataires aucun5 Dur\u00e9e de conservation 10 ans apr\u00e8s la fin du traitement (g\u00e9n\u00e9ralement la fin du contrat) Bases l\u00e9gales GDPR, art.6, \u00a71 b) (ex\u00e9cution de mesures contractuelles ou pr\u00e9contractuelles) GDPR, art.6, \u00a71, f) (int\u00e9r\u00eat l\u00e9gitime :<\/p>\n","protected":false},"author":1,"featured_media":0,"parent":0,"menu_order":0,"comment_status":"closed","ping_status":"closed","template":"","meta":{"footnotes":""},"class_list":["post-964","page","type-page","status-publish","hentry"],"aioseo_notices":[],"_links":{"self":[{"href":"https:\/\/flexofytol.be\/fr\/wp-json\/wp\/v2\/pages\/964","targetHints":{"allow":["GET"]}}],"collection":[{"href":"https:\/\/flexofytol.be\/fr\/wp-json\/wp\/v2\/pages"}],"about":[{"href":"https:\/\/flexofytol.be\/fr\/wp-json\/wp\/v2\/types\/page"}],"author":[{"embeddable":true,"href":"https:\/\/flexofytol.be\/fr\/wp-json\/wp\/v2\/users\/1"}],"replies":[{"embeddable":true,"href":"https:\/\/flexofytol.be\/fr\/wp-json\/wp\/v2\/comments?post=964"}],"version-history":[{"count":0,"href":"https:\/\/flexofytol.be\/fr\/wp-json\/wp\/v2\/pages\/964\/revisions"}],"wp:attachment":[{"href":"https:\/\/flexofytol.be\/fr\/wp-json\/wp\/v2\/media?parent=964"}],"curies":[{"name":"wp","href":"https:\/\/api.w.org\/{rel}","templated":true}]}}