{"id":7124,"date":"2024-08-12T15:48:31","date_gmt":"2024-08-12T13:48:31","guid":{"rendered":"https:\/\/flexofytol.be\/faq-elementor\/"},"modified":"2024-08-26T11:48:22","modified_gmt":"2024-08-26T09:48:22","slug":"faq","status":"publish","type":"page","link":"https:\/\/flexofytol.be\/fr\/faq\/","title":{"rendered":"FAQ"},"content":{"rendered":"\t\t<div data-elementor-type=\"wp-page\" data-elementor-id=\"7124\" class=\"elementor elementor-7124 elementor-6841\" data-elementor-post-type=\"page\">\n\t\t\t\t\t\t<section class=\"elementor-section elementor-top-section elementor-element elementor-element-6881adb elementor-section-stretched elementor-section-boxed elementor-section-height-default elementor-section-height-default wpr-particle-no wpr-jarallax-no wpr-parallax-no wpr-sticky-section-no wpr-equal-height-no\" data-id=\"6881adb\" data-element_type=\"section\" data-e-type=\"section\" data-settings=\"{&quot;stretch_section&quot;:&quot;section-stretched&quot;,&quot;background_background&quot;:&quot;gradient&quot;}\">\n\t\t\t\t\t\t<div class=\"elementor-container elementor-column-gap-default\">\n\t\t\t\t\t<div class=\"elementor-column elementor-col-100 elementor-top-column elementor-element elementor-element-d823281\" data-id=\"d823281\" data-element_type=\"column\" data-e-type=\"column\">\n\t\t\t<div class=\"elementor-widget-wrap elementor-element-populated\">\n\t\t\t\t\t\t<div class=\"elementor-element elementor-element-eca11cb elementor-headline--style-rotate elementor-widget elementor-widget-animated-headline\" data-id=\"eca11cb\" data-element_type=\"widget\" data-e-type=\"widget\" data-settings=\"{&quot;headline_style&quot;:&quot;rotate&quot;,&quot;animation_type&quot;:&quot;slide&quot;,&quot;rotating_text&quot;:&quot;FAQ&quot;,&quot;loop&quot;:&quot;yes&quot;,&quot;rotate_iteration_delay&quot;:2500}\" data-widget_type=\"animated-headline.default\">\n\t\t\t\t<div class=\"elementor-widget-container\">\n\t\t\t\t\t\t\t<h1 class=\"elementor-headline elementor-headline-animation-type-slide\">\n\t\t\t\t<span class=\"elementor-headline-dynamic-wrapper elementor-headline-text-wrapper\">\n\t\t\t\t\t<span class=\"elementor-headline-dynamic-text elementor-headline-text-active\">\n\t\t\t\tFAQ\t\t\t<\/span>\n\t\t\t\t\t\t<\/span>\n\t\t\t\t<\/h1>\n\t\t\t\t\t\t<\/div>\n\t\t\t\t<\/div>\n\t\t\t\t\t<\/div>\n\t\t<\/div>\n\t\t\t\t\t<\/div>\n\t\t<\/section>\n\t\t\t\t<section class=\"elementor-section elementor-top-section elementor-element elementor-element-704273a elementor-section-boxed elementor-section-height-default elementor-section-height-default wpr-particle-no wpr-jarallax-no wpr-parallax-no wpr-sticky-section-no wpr-equal-height-no\" data-id=\"704273a\" data-element_type=\"section\" data-e-type=\"section\">\n\t\t\t\t\t\t<div class=\"elementor-container elementor-column-gap-default\">\n\t\t\t\t\t<div class=\"elementor-column elementor-col-33 elementor-top-column elementor-element elementor-element-fa0c9b7\" data-id=\"fa0c9b7\" data-element_type=\"column\" data-e-type=\"column\">\n\t\t\t<div class=\"elementor-widget-wrap elementor-element-populated\">\n\t\t\t\t\t\t<div class=\"elementor-element elementor-element-14ecfb8 elementor-widget elementor-widget-image\" data-id=\"14ecfb8\" data-element_type=\"widget\" data-e-type=\"widget\" data-widget_type=\"image.default\">\n\t\t\t\t<div class=\"elementor-widget-container\">\n\t\t\t\t\t\t\t\t\t\t\t\t\t\t\t<img fetchpriority=\"high\" decoding=\"async\" width=\"1024\" height=\"1024\" src=\"https:\/\/flexofytol.be\/wp-content\/uploads\/2024\/08\/2663615_flexofytol_be_etui-60caps_et27-180-14_fr-nl_1-1024x1024.png\" class=\"attachment-large size-large wp-image-6833\" alt=\"\" srcset=\"https:\/\/flexofytol.be\/wp-content\/uploads\/2024\/08\/2663615_flexofytol_be_etui-60caps_et27-180-14_fr-nl_1-1024x1024.png 1024w, https:\/\/flexofytol.be\/wp-content\/uploads\/2024\/08\/2663615_flexofytol_be_etui-60caps_et27-180-14_fr-nl_1-300x300.png 300w, https:\/\/flexofytol.be\/wp-content\/uploads\/2024\/08\/2663615_flexofytol_be_etui-60caps_et27-180-14_fr-nl_1-150x150.png 150w, https:\/\/flexofytol.be\/wp-content\/uploads\/2024\/08\/2663615_flexofytol_be_etui-60caps_et27-180-14_fr-nl_1-768x768.png 768w, https:\/\/flexofytol.be\/wp-content\/uploads\/2024\/08\/2663615_flexofytol_be_etui-60caps_et27-180-14_fr-nl_1.png 1500w\" sizes=\"(max-width: 1024px) 100vw, 1024px\" \/>\t\t\t\t\t\t\t\t\t\t\t\t\t\t\t<\/div>\n\t\t\t\t<\/div>\n\t\t\t\t<div class=\"elementor-element elementor-element-2a78413 elementor-widget elementor-widget-image\" data-id=\"2a78413\" data-element_type=\"widget\" data-e-type=\"widget\" data-widget_type=\"image.default\">\n\t\t\t\t<div class=\"elementor-widget-container\">\n\t\t\t\t\t\t\t\t\t\t\t\t\t\t\t<img decoding=\"async\" width=\"1024\" height=\"1024\" src=\"https:\/\/flexofytol.be\/wp-content\/uploads\/2024\/08\/4631800_flexofytol-forte_be_etui-84cpr_et37-182-05_fr_1-1024x1024.png\" class=\"attachment-large size-large wp-image-6825\" alt=\"\" srcset=\"https:\/\/flexofytol.be\/wp-content\/uploads\/2024\/08\/4631800_flexofytol-forte_be_etui-84cpr_et37-182-05_fr_1-1024x1024.png 1024w, https:\/\/flexofytol.be\/wp-content\/uploads\/2024\/08\/4631800_flexofytol-forte_be_etui-84cpr_et37-182-05_fr_1-300x300.png 300w, https:\/\/flexofytol.be\/wp-content\/uploads\/2024\/08\/4631800_flexofytol-forte_be_etui-84cpr_et37-182-05_fr_1-150x150.png 150w, https:\/\/flexofytol.be\/wp-content\/uploads\/2024\/08\/4631800_flexofytol-forte_be_etui-84cpr_et37-182-05_fr_1-768x768.png 768w, https:\/\/flexofytol.be\/wp-content\/uploads\/2024\/08\/4631800_flexofytol-forte_be_etui-84cpr_et37-182-05_fr_1.png 1500w\" sizes=\"(max-width: 1024px) 100vw, 1024px\" \/>\t\t\t\t\t\t\t\t\t\t\t\t\t\t\t<\/div>\n\t\t\t\t<\/div>\n\t\t\t\t\t<\/div>\n\t\t<\/div>\n\t\t\t\t<div class=\"elementor-column elementor-col-66 elementor-top-column elementor-element elementor-element-0eb049c\" data-id=\"0eb049c\" data-element_type=\"column\" data-e-type=\"column\">\n\t\t\t<div class=\"elementor-widget-wrap elementor-element-populated\">\n\t\t\t\t\t\t<div class=\"elementor-element elementor-element-c9a4576 elementor-widget elementor-widget-accordion\" data-id=\"c9a4576\" data-element_type=\"widget\" data-e-type=\"widget\" data-widget_type=\"accordion.default\">\n\t\t\t\t<div class=\"elementor-widget-container\">\n\t\t\t\t\t\t\t<div class=\"elementor-accordion\">\n\t\t\t\t\t\t\t<div class=\"elementor-accordion-item\">\n\t\t\t\t\t<div id=\"elementor-tab-title-2111\" class=\"elementor-tab-title\" data-tab=\"1\" role=\"button\" aria-controls=\"elementor-tab-content-2111\" aria-expanded=\"false\">\n\t\t\t\t\t\t\t\t\t\t\t\t\t<span class=\"elementor-accordion-icon elementor-accordion-icon-left\" aria-hidden=\"true\">\n\t\t\t\t\t\t\t\t\t\t\t\t\t\t\t<span class=\"elementor-accordion-icon-closed\"><svg class=\"e-font-icon-svg e-fas-plus\" viewBox=\"0 0 448 512\" xmlns=\"http:\/\/www.w3.org\/2000\/svg\"><path d=\"M416 208H272V64c0-17.67-14.33-32-32-32h-32c-17.67 0-32 14.33-32 32v144H32c-17.67 0-32 14.33-32 32v32c0 17.67 14.33 32 32 32h144v144c0 17.67 14.33 32 32 32h32c17.67 0 32-14.33 32-32V304h144c17.67 0 32-14.33 32-32v-32c0-17.67-14.33-32-32-32z\"><\/path><\/svg><\/span>\n\t\t\t\t\t\t\t\t<span class=\"elementor-accordion-icon-opened\"><svg class=\"e-font-icon-svg e-fas-minus\" viewBox=\"0 0 448 512\" xmlns=\"http:\/\/www.w3.org\/2000\/svg\"><path d=\"M416 208H32c-17.67 0-32 14.33-32 32v32c0 17.67 14.33 32 32 32h384c17.67 0 32-14.33 32-32v-32c0-17.67-14.33-32-32-32z\"><\/path><\/svg><\/span>\n\t\t\t\t\t\t\t\t\t\t\t\t\t\t<\/span>\n\t\t\t\t\t\t\t\t\t\t\t\t<a class=\"elementor-accordion-title\" tabindex=\"0\">O\u00f9 puis-je me procurer Flexofytol<sup>\u00ae<\/sup> ?<\/a>\n\t\t\t\t\t<\/div>\n\t\t\t\t\t<div id=\"elementor-tab-content-2111\" class=\"elementor-tab-content elementor-clearfix\" data-tab=\"1\" role=\"region\" aria-labelledby=\"elementor-tab-title-2111\"><strong>Flexofytol<sup>\u00ae\u00a0<\/sup><\/strong>est exclusivement en vente en pharmacie.\n<strong>Flexofytol<\/strong><sup>\u00ae<\/sup> est commercialis\u00e9 dans les pays suivants :\n<ul>\n \t<li>En Belgique<\/li>\n \t<li>Au Grand-duch\u00e9 de Luxembourg<\/li>\n \t<li>En France<\/li>\n \t<li>Mais aussi au Portugal, en Am\u00e9rique centrale, en Arabie, en Australie, \u00e0 Chypre, en Equateur, au vietnam, en Irlande, en Slov\u00e9nie, en Gr\u00e8ce, au Maroc,&#8230;<\/li>\n<\/ul>\n<strong>Flexofytol<sup>\u00ae<\/sup>\u00a0<em>FORTE<\/em><\/strong>\u00a0est disponible en Belgique, en France, au Portugal mais aussi en Espagne, en Croatie, en Gr\u00e8ce, \u2026<\/div>\n\t\t\t\t<\/div>\n\t\t\t\t\t\t\t<div class=\"elementor-accordion-item\">\n\t\t\t\t\t<div id=\"elementor-tab-title-2112\" class=\"elementor-tab-title\" data-tab=\"2\" role=\"button\" aria-controls=\"elementor-tab-content-2112\" aria-expanded=\"false\">\n\t\t\t\t\t\t\t\t\t\t\t\t\t<span class=\"elementor-accordion-icon elementor-accordion-icon-left\" aria-hidden=\"true\">\n\t\t\t\t\t\t\t\t\t\t\t\t\t\t\t<span class=\"elementor-accordion-icon-closed\"><svg class=\"e-font-icon-svg e-fas-plus\" viewBox=\"0 0 448 512\" xmlns=\"http:\/\/www.w3.org\/2000\/svg\"><path d=\"M416 208H272V64c0-17.67-14.33-32-32-32h-32c-17.67 0-32 14.33-32 32v144H32c-17.67 0-32 14.33-32 32v32c0 17.67 14.33 32 32 32h144v144c0 17.67 14.33 32 32 32h32c17.67 0 32-14.33 32-32V304h144c17.67 0 32-14.33 32-32v-32c0-17.67-14.33-32-32-32z\"><\/path><\/svg><\/span>\n\t\t\t\t\t\t\t\t<span class=\"elementor-accordion-icon-opened\"><svg class=\"e-font-icon-svg e-fas-minus\" viewBox=\"0 0 448 512\" xmlns=\"http:\/\/www.w3.org\/2000\/svg\"><path d=\"M416 208H32c-17.67 0-32 14.33-32 32v32c0 17.67 14.33 32 32 32h384c17.67 0 32-14.33 32-32v-32c0-17.67-14.33-32-32-32z\"><\/path><\/svg><\/span>\n\t\t\t\t\t\t\t\t\t\t\t\t\t\t<\/span>\n\t\t\t\t\t\t\t\t\t\t\t\t<a class=\"elementor-accordion-title\" tabindex=\"0\">Puis-je utiliser Flexofytol\u00ae toute l\u2019ann\u00e9e ?<\/a>\n\t\t\t\t\t<\/div>\n\t\t\t\t\t<div id=\"elementor-tab-content-2112\" class=\"elementor-tab-content elementor-clearfix\" data-tab=\"2\" role=\"region\" aria-labelledby=\"elementor-tab-title-2112\"><p><strong>Flexofytol<\/strong><sup>\u00ae<\/sup> peut \u00eatre utilis\u00e9 toute l\u2019ann\u00e9e\u00a0avec une excellente tol\u00e9rance gastrique.<\/p><\/div>\n\t\t\t\t<\/div>\n\t\t\t\t\t\t\t<div class=\"elementor-accordion-item\">\n\t\t\t\t\t<div id=\"elementor-tab-title-2113\" class=\"elementor-tab-title\" data-tab=\"3\" role=\"button\" aria-controls=\"elementor-tab-content-2113\" aria-expanded=\"false\">\n\t\t\t\t\t\t\t\t\t\t\t\t\t<span class=\"elementor-accordion-icon elementor-accordion-icon-left\" aria-hidden=\"true\">\n\t\t\t\t\t\t\t\t\t\t\t\t\t\t\t<span class=\"elementor-accordion-icon-closed\"><svg class=\"e-font-icon-svg e-fas-plus\" viewBox=\"0 0 448 512\" xmlns=\"http:\/\/www.w3.org\/2000\/svg\"><path d=\"M416 208H272V64c0-17.67-14.33-32-32-32h-32c-17.67 0-32 14.33-32 32v144H32c-17.67 0-32 14.33-32 32v32c0 17.67 14.33 32 32 32h144v144c0 17.67 14.33 32 32 32h32c17.67 0 32-14.33 32-32V304h144c17.67 0 32-14.33 32-32v-32c0-17.67-14.33-32-32-32z\"><\/path><\/svg><\/span>\n\t\t\t\t\t\t\t\t<span class=\"elementor-accordion-icon-opened\"><svg class=\"e-font-icon-svg e-fas-minus\" viewBox=\"0 0 448 512\" xmlns=\"http:\/\/www.w3.org\/2000\/svg\"><path d=\"M416 208H32c-17.67 0-32 14.33-32 32v32c0 17.67 14.33 32 32 32h384c17.67 0 32-14.33 32-32v-32c0-17.67-14.33-32-32-32z\"><\/path><\/svg><\/span>\n\t\t\t\t\t\t\t\t\t\t\t\t\t\t<\/span>\n\t\t\t\t\t\t\t\t\t\t\t\t<a class=\"elementor-accordion-title\" tabindex=\"0\">Puis-je utiliser Flexofytol\u00ae en association avec d\u2019autres produits ?<\/a>\n\t\t\t\t\t<\/div>\n\t\t\t\t\t<div id=\"elementor-tab-content-2113\" class=\"elementor-tab-content elementor-clearfix\" data-tab=\"3\" role=\"region\" aria-labelledby=\"elementor-tab-title-2113\"><p><strong>Flexofytol<\/strong><sup>\u00ae<\/sup>\u00a0peut \u00eatre utilis\u00e9 en association avec d\u2019autres produits destin\u00e9s aux articulations tels que la glucosamine, la chondro\u00eftine, \u2026<\/p><\/div>\n\t\t\t\t<\/div>\n\t\t\t\t\t\t\t<div class=\"elementor-accordion-item\">\n\t\t\t\t\t<div id=\"elementor-tab-title-2114\" class=\"elementor-tab-title\" data-tab=\"4\" role=\"button\" aria-controls=\"elementor-tab-content-2114\" aria-expanded=\"false\">\n\t\t\t\t\t\t\t\t\t\t\t\t\t<span class=\"elementor-accordion-icon elementor-accordion-icon-left\" aria-hidden=\"true\">\n\t\t\t\t\t\t\t\t\t\t\t\t\t\t\t<span class=\"elementor-accordion-icon-closed\"><svg class=\"e-font-icon-svg e-fas-plus\" viewBox=\"0 0 448 512\" xmlns=\"http:\/\/www.w3.org\/2000\/svg\"><path d=\"M416 208H272V64c0-17.67-14.33-32-32-32h-32c-17.67 0-32 14.33-32 32v144H32c-17.67 0-32 14.33-32 32v32c0 17.67 14.33 32 32 32h144v144c0 17.67 14.33 32 32 32h32c17.67 0 32-14.33 32-32V304h144c17.67 0 32-14.33 32-32v-32c0-17.67-14.33-32-32-32z\"><\/path><\/svg><\/span>\n\t\t\t\t\t\t\t\t<span class=\"elementor-accordion-icon-opened\"><svg class=\"e-font-icon-svg e-fas-minus\" viewBox=\"0 0 448 512\" xmlns=\"http:\/\/www.w3.org\/2000\/svg\"><path d=\"M416 208H32c-17.67 0-32 14.33-32 32v32c0 17.67 14.33 32 32 32h384c17.67 0 32-14.33 32-32v-32c0-17.67-14.33-32-32-32z\"><\/path><\/svg><\/span>\n\t\t\t\t\t\t\t\t\t\t\t\t\t\t<\/span>\n\t\t\t\t\t\t\t\t\t\t\t\t<a class=\"elementor-accordion-title\" tabindex=\"0\">Pourquoi est-ce important de choisir des extraits standardis\u00e9s ?<\/a>\n\t\t\t\t\t<\/div>\n\t\t\t\t\t<div id=\"elementor-tab-content-2114\" class=\"elementor-tab-content elementor-clearfix\" data-tab=\"4\" role=\"region\" aria-labelledby=\"elementor-tab-title-2114\">La standardisation d\u2019un extrait de plante permet d\u2019assurer la m\u00eame quantit\u00e9 de principe actif dans chaque capsule ou comprim\u00e9 et donc de garantir sa qualit\u00e9 et son efficacit\u00e9.<\/div>\n\t\t\t\t<\/div>\n\t\t\t\t\t\t\t<div class=\"elementor-accordion-item\">\n\t\t\t\t\t<div id=\"elementor-tab-title-2115\" class=\"elementor-tab-title\" data-tab=\"5\" role=\"button\" aria-controls=\"elementor-tab-content-2115\" aria-expanded=\"false\">\n\t\t\t\t\t\t\t\t\t\t\t\t\t<span class=\"elementor-accordion-icon elementor-accordion-icon-left\" aria-hidden=\"true\">\n\t\t\t\t\t\t\t\t\t\t\t\t\t\t\t<span class=\"elementor-accordion-icon-closed\"><svg class=\"e-font-icon-svg e-fas-plus\" viewBox=\"0 0 448 512\" xmlns=\"http:\/\/www.w3.org\/2000\/svg\"><path d=\"M416 208H272V64c0-17.67-14.33-32-32-32h-32c-17.67 0-32 14.33-32 32v144H32c-17.67 0-32 14.33-32 32v32c0 17.67 14.33 32 32 32h144v144c0 17.67 14.33 32 32 32h32c17.67 0 32-14.33 32-32V304h144c17.67 0 32-14.33 32-32v-32c0-17.67-14.33-32-32-32z\"><\/path><\/svg><\/span>\n\t\t\t\t\t\t\t\t<span class=\"elementor-accordion-icon-opened\"><svg class=\"e-font-icon-svg e-fas-minus\" viewBox=\"0 0 448 512\" xmlns=\"http:\/\/www.w3.org\/2000\/svg\"><path d=\"M416 208H32c-17.67 0-32 14.33-32 32v32c0 17.67 14.33 32 32 32h384c17.67 0 32-14.33 32-32v-32c0-17.67-14.33-32-32-32z\"><\/path><\/svg><\/span>\n\t\t\t\t\t\t\t\t\t\t\t\t\t\t<\/span>\n\t\t\t\t\t\t\t\t\t\t\t\t<a class=\"elementor-accordion-title\" tabindex=\"0\">Je ne parviens pas \u00e0 avaler les capsules de Flexofytol\u00ae, <br\/>puis-je les percer et\/ou diluer leur contenu dans l\u2019eau ?<\/a>\n\t\t\t\t\t<\/div>\n\t\t\t\t\t<div id=\"elementor-tab-content-2115\" class=\"elementor-tab-content elementor-clearfix\" data-tab=\"5\" role=\"region\" aria-labelledby=\"elementor-tab-title-2115\"><p>Il est d\u00e9conseill\u00e9 de percer les capsules\u00a0<strong>Flexofytol<\/strong><sup>\u00ae<\/sup>\u00a0car leur contenu est tr\u00e8s t\u00e2chant.<br \/>Si vous ne parvenez pas \u00e0 avaler les capsules avec de grandes quantit\u00e9s d\u2019eau, vous pouvez opter pour\u00a0<a href=\"https:\/\/flexofytol.be\/gamme\/flexofytol-forte\/\"><strong>Flexofytol<sup>\u00ae<\/sup>\u00a0<em>FORTE<\/em><\/strong><\/a>. Cette nouvelle r\u00e9f\u00e9rence contient des extraits exclusifs de curcuma et de boswellia, et de la vitamine D, et se pr\u00e9sente sous forme de comprim\u00e9s. Il est possible de couper les comprim\u00e9s en 2 ou 3 \u00e0 l\u2019aide d\u2019un coupe-comprim\u00e9 disponible en pharmacie, de le piler ou de le croquer.<\/p><\/div>\n\t\t\t\t<\/div>\n\t\t\t\t\t\t\t<div class=\"elementor-accordion-item\">\n\t\t\t\t\t<div id=\"elementor-tab-title-2116\" class=\"elementor-tab-title\" data-tab=\"6\" role=\"button\" aria-controls=\"elementor-tab-content-2116\" aria-expanded=\"false\">\n\t\t\t\t\t\t\t\t\t\t\t\t\t<span class=\"elementor-accordion-icon elementor-accordion-icon-left\" aria-hidden=\"true\">\n\t\t\t\t\t\t\t\t\t\t\t\t\t\t\t<span class=\"elementor-accordion-icon-closed\"><svg class=\"e-font-icon-svg e-fas-plus\" viewBox=\"0 0 448 512\" xmlns=\"http:\/\/www.w3.org\/2000\/svg\"><path d=\"M416 208H272V64c0-17.67-14.33-32-32-32h-32c-17.67 0-32 14.33-32 32v144H32c-17.67 0-32 14.33-32 32v32c0 17.67 14.33 32 32 32h144v144c0 17.67 14.33 32 32 32h32c17.67 0 32-14.33 32-32V304h144c17.67 0 32-14.33 32-32v-32c0-17.67-14.33-32-32-32z\"><\/path><\/svg><\/span>\n\t\t\t\t\t\t\t\t<span class=\"elementor-accordion-icon-opened\"><svg class=\"e-font-icon-svg e-fas-minus\" viewBox=\"0 0 448 512\" xmlns=\"http:\/\/www.w3.org\/2000\/svg\"><path d=\"M416 208H32c-17.67 0-32 14.33-32 32v32c0 17.67 14.33 32 32 32h384c17.67 0 32-14.33 32-32v-32c0-17.67-14.33-32-32-32z\"><\/path><\/svg><\/span>\n\t\t\t\t\t\t\t\t\t\t\t\t\t\t<\/span>\n\t\t\t\t\t\t\t\t\t\t\t\t<a class=\"elementor-accordion-title\" tabindex=\"0\">Dois-je stopper ma suppl\u00e9mentation en vitamine D si je prends Flexofytol\u00ae Plus ou Flexofytol\u00ae FORTE qui contient de la vitamine D?<\/a>\n\t\t\t\t\t<\/div>\n\t\t\t\t\t<div id=\"elementor-tab-content-2116\" class=\"elementor-tab-content elementor-clearfix\" data-tab=\"6\" role=\"region\" aria-labelledby=\"elementor-tab-title-2116\"><p>La majorit\u00e9 des patients sont en carence importante en vitamine D. Il n\u2019y a donc aucune contre-indication \u00e0 prendre un compl\u00e9ment en vitamine D en m\u00eame temps que\u00a0<strong>Flexofytol<\/strong><sup>\u00ae\u00a0\u00a0<\/sup><em><strong>Plus<\/strong><\/em>\u00a0ou\u00a0<strong>Flexofytol<sup>\u00ae<\/sup><em>\u00a0FORTE<\/em><\/strong>. En cas de doute, demandez conseil \u00e0 votre m\u00e9decin ou \u00e0 votre pharmacien.<\/p><\/div>\n\t\t\t\t<\/div>\n\t\t\t\t\t\t\t<div class=\"elementor-accordion-item\">\n\t\t\t\t\t<div id=\"elementor-tab-title-2117\" class=\"elementor-tab-title\" data-tab=\"7\" role=\"button\" aria-controls=\"elementor-tab-content-2117\" aria-expanded=\"false\">\n\t\t\t\t\t\t\t\t\t\t\t\t\t<span class=\"elementor-accordion-icon elementor-accordion-icon-left\" aria-hidden=\"true\">\n\t\t\t\t\t\t\t\t\t\t\t\t\t\t\t<span class=\"elementor-accordion-icon-closed\"><svg class=\"e-font-icon-svg e-fas-plus\" viewBox=\"0 0 448 512\" xmlns=\"http:\/\/www.w3.org\/2000\/svg\"><path d=\"M416 208H272V64c0-17.67-14.33-32-32-32h-32c-17.67 0-32 14.33-32 32v144H32c-17.67 0-32 14.33-32 32v32c0 17.67 14.33 32 32 32h144v144c0 17.67 14.33 32 32 32h32c17.67 0 32-14.33 32-32V304h144c17.67 0 32-14.33 32-32v-32c0-17.67-14.33-32-32-32z\"><\/path><\/svg><\/span>\n\t\t\t\t\t\t\t\t<span class=\"elementor-accordion-icon-opened\"><svg class=\"e-font-icon-svg e-fas-minus\" viewBox=\"0 0 448 512\" xmlns=\"http:\/\/www.w3.org\/2000\/svg\"><path d=\"M416 208H32c-17.67 0-32 14.33-32 32v32c0 17.67 14.33 32 32 32h384c17.67 0 32-14.33 32-32v-32c0-17.67-14.33-32-32-32z\"><\/path><\/svg><\/span>\n\t\t\t\t\t\t\t\t\t\t\t\t\t\t<\/span>\n\t\t\t\t\t\t\t\t\t\t\t\t<a class=\"elementor-accordion-title\" tabindex=\"0\">Vous \u00eates pharmaciens et souhaitez recevoir le mat\u00e9riel de communication Flexofytol FORTE\u00ae ?<\/a>\n\t\t\t\t\t<\/div>\n\t\t\t\t\t<div id=\"elementor-tab-content-2117\" class=\"elementor-tab-content elementor-clearfix\" data-tab=\"7\" role=\"region\" aria-labelledby=\"elementor-tab-title-2117\"><p>Nous vous invitons \u00e0 contacter notre \u00e9quipe de vente Promogen par t\u00e9l\u00e9phone<br \/>(num\u00e9ro vert : 0 800 00 20 27) ou par email (contact@promogen.fr).<\/p><\/div>\n\t\t\t\t<\/div>\n\t\t\t\t\t\t\t\t<\/div>\n\t\t\t\t\t\t<\/div>\n\t\t\t\t<\/div>\n\t\t\t\t\t<\/div>\n\t\t<\/div>\n\t\t\t\t\t<\/div>\n\t\t<\/section>\n\t\t\t\t<\/div>\n\t\t","protected":false},"excerpt":{"rendered":"<p>FAQ O\u00f9 puis-je me procurer Flexofytol\u00ae ? Flexofytol\u00ae\u00a0est exclusivement en vente en pharmacie. Flexofytol\u00ae est commercialis\u00e9 dans les pays suivants : En Belgique Au Grand-duch\u00e9 de Luxembourg En France Mais aussi au Portugal, en Am\u00e9rique centrale, en Arabie, en Australie, \u00e0 Chypre, en Equateur, au vietnam, en Irlande, en Slov\u00e9nie, en Gr\u00e8ce, au Maroc,&#8230; Flexofytol\u00ae\u00a0FORTE\u00a0est disponible en Belgique, en France, au Portugal mais aussi en Espagne, en Croatie, en Gr\u00e8ce, \u2026 Puis-je utiliser Flexofytol\u00ae toute l\u2019ann\u00e9e ? Flexofytol\u00ae peut \u00eatre utilis\u00e9 toute l\u2019ann\u00e9e\u00a0avec une excellente tol\u00e9rance gastrique. Puis-je utiliser Flexofytol\u00ae en association avec d\u2019autres produits ? Flexofytol\u00ae\u00a0peut \u00eatre utilis\u00e9 en association avec d\u2019autres produits destin\u00e9s aux articulations tels que la glucosamine, la chondro\u00eftine, \u2026 Pourquoi est-ce important de choisir des extraits standardis\u00e9s ? La standardisation d\u2019un extrait de plante permet d\u2019assurer la m\u00eame quantit\u00e9 de principe actif dans chaque capsule ou comprim\u00e9 et donc de garantir sa qualit\u00e9 et son efficacit\u00e9. Je ne parviens pas \u00e0 avaler les capsules de Flexofytol\u00ae, puis-je les percer et\/ou diluer leur contenu dans l\u2019eau ? Il est d\u00e9conseill\u00e9 de percer les capsules\u00a0Flexofytol\u00ae\u00a0car leur contenu est tr\u00e8s t\u00e2chant.Si vous ne parvenez pas \u00e0 avaler les capsules avec de grandes quantit\u00e9s d\u2019eau, vous pouvez opter pour\u00a0Flexofytol\u00ae\u00a0FORTE. Cette nouvelle r\u00e9f\u00e9rence contient des extraits exclusifs de curcuma et de boswellia, et de la vitamine D, et se pr\u00e9sente sous forme de comprim\u00e9s. Il est possible de couper les comprim\u00e9s en 2 ou 3 \u00e0 l\u2019aide d\u2019un coupe-comprim\u00e9 disponible en pharmacie, de le piler ou de le croquer. Dois-je stopper ma suppl\u00e9mentation en vitamine D si je prends Flexofytol\u00ae Plus ou Flexofytol\u00ae FORTE qui contient de la vitamine D? La majorit\u00e9 des patients sont en carence importante en vitamine D. Il n\u2019y a donc aucune contre-indication \u00e0 prendre un compl\u00e9ment en vitamine D en m\u00eame temps que\u00a0Flexofytol\u00ae\u00a0\u00a0Plus\u00a0ou\u00a0Flexofytol\u00ae\u00a0FORTE. En cas de doute, demandez conseil \u00e0 votre m\u00e9decin ou \u00e0 votre pharmacien. Vous \u00eates pharmaciens et souhaitez recevoir le mat\u00e9riel de communication Flexofytol FORTE\u00ae ? Nous vous invitons \u00e0 contacter notre \u00e9quipe de vente Promogen par t\u00e9l\u00e9phone(num\u00e9ro vert : 0 800 00 20 27) ou par email (contact@promogen.fr).<\/p>\n","protected":false},"author":1,"featured_media":0,"parent":0,"menu_order":0,"comment_status":"closed","ping_status":"closed","template":"","meta":{"footnotes":""},"class_list":["post-7124","page","type-page","status-publish","hentry"],"aioseo_notices":[],"_links":{"self":[{"href":"https:\/\/flexofytol.be\/fr\/wp-json\/wp\/v2\/pages\/7124","targetHints":{"allow":["GET"]}}],"collection":[{"href":"https:\/\/flexofytol.be\/fr\/wp-json\/wp\/v2\/pages"}],"about":[{"href":"https:\/\/flexofytol.be\/fr\/wp-json\/wp\/v2\/types\/page"}],"author":[{"embeddable":true,"href":"https:\/\/flexofytol.be\/fr\/wp-json\/wp\/v2\/users\/1"}],"replies":[{"embeddable":true,"href":"https:\/\/flexofytol.be\/fr\/wp-json\/wp\/v2\/comments?post=7124"}],"version-history":[{"count":11,"href":"https:\/\/flexofytol.be\/fr\/wp-json\/wp\/v2\/pages\/7124\/revisions"}],"predecessor-version":[{"id":7414,"href":"https:\/\/flexofytol.be\/fr\/wp-json\/wp\/v2\/pages\/7124\/revisions\/7414"}],"wp:attachment":[{"href":"https:\/\/flexofytol.be\/fr\/wp-json\/wp\/v2\/media?parent=7124"}],"curies":[{"name":"wp","href":"https:\/\/api.w.org\/{rel}","templated":true}]}}