{"id":7,"date":"2016-07-13T11:53:18","date_gmt":"2016-07-13T09:53:18","guid":{"rendered":"http:\/\/localhost:8888\/?page_id=7"},"modified":"2025-12-01T09:19:53","modified_gmt":"2025-12-01T08:19:53","slug":"accueil","status":"publish","type":"page","link":"https:\/\/flexofytol.be\/fr\/","title":{"rendered":"Accueil"},"content":{"rendered":"[vc_row fullwidth=\u00a0\u00bbtrue\u00a0\u00bb visibility=\u00a0\u00bbvisible-dt\u00a0\u00bb][vc_column][layerslider_vc id=\u00a0\u00bb4&Prime;][\/vc_column][\/vc_row][vc_row visibility=\u00a0\u00bbhidden-dt\u00a0\u00bb][vc_column][vc_images_carousel images=\u00a0\u00bb3942,3947&Prime; img_size=\u00a0\u00bbfull\u00a0\u00bb onclick=\u00a0\u00bbcustom_link\u00a0\u00bb autoplay=\u00a0\u00bbyes\u00a0\u00bb wrap=\u00a0\u00bbyes\u00a0\u00bb css_animation=\u00a0\u00bbnone\u00a0\u00bb custom_links=\u00a0\u00bb#E-8_aHR0cHMlM0ElMkYlMkZmbGV4b2Z5dG9sLmJlJTJGZmxleG9meXRvbCUyRmZsZXhvZnl0b2wtZm9ydGUtMiUyRiUyQ2h0dHBzJTNBJTJGJTJGZmxleG9meXRvbC5iZSUyRmFydGljdWxhdGlvbnMlMkZhc3R1Y2VzJTJG\u00a0\u00bb][\/vc_column][\/vc_row][vc_row][vc_column][mk_title_box color=\u00a0\u00bb#ffffff\u00a0\u00bb highlight_color=\u00a0\u00bb#e4032e\u00a0\u00bb highlight_opacity=\u00a0\u00bb1&Prime; size=\u00a0\u00bb24&Prime; font_weight=\u00a0\u00bbbold\u00a0\u00bb margin_bottom=\u00a0\u00bb24&Prime; font_family=\u00a0\u00bbnone\u00a0\u00bb]Pourquoi utiliser Flexofytol <i>FORTE<\/i>\u00a0?[\/mk_title_box][vc_row_inner][vc_column_inner width=\u00a0\u00bb1\/2&Prime;][vc_column_text css=\u00a0\u00bb.vc_custom_1715933774948{margin-bottom: 0px !important;}\u00a0\u00bb]\n<p style=\"font-weight: 400; text-align: left;\"><strong>Flexo<\/strong><strong><span style=\"color: #004077;\">fytol<\/span><\/strong> <strong><em>FORTE<\/em><\/strong>, votre alli\u00e9 pour des articulations souples toute l&rsquo;ann\u00e9e !<\/p>\n<p style=\"font-weight: 400; text-align: left;\">Vieillissement, mouvements r\u00e9p\u00e9titifs, sports, surpoids, chocs\u2026 tel est le quotidien de vos articulations\u00a0? Pour pr\u00e9server votre mobilit\u00e9 ainsi que votre qualit\u00e9 de vie, il est n\u00e9cessaire de prendre soin de vos articulations.<\/p>\n<p style=\"font-weight: 400; text-align: left;\">Gr\u00e2ce \u00e0 sa formule unique associant des extraits exclusifs de curcuma et de Boswellia serrata, <strong>Flexo<\/strong><strong><span style=\"color: #004077;\">fytol<\/span><\/strong> <strong><em>FORTE<\/em><\/strong> contribue \u00e0 maintenir la flexibilit\u00e9 et la souplesse de vos articulations, muscles et tendons.<\/p>\n<p style=\"font-weight: 400; text-align: left;\">Offrez \u00e0 vos articulations le soutien dont elles ont besoin<br \/>\navec <strong>Flexo<\/strong><strong><span style=\"color: #004077;\">fytol<\/span><\/strong> <strong><em>FORTE<\/em><\/strong> !<\/p>\n[\/vc_column_text][\/vc_column_inner][vc_column_inner width=\u00a0\u00bb1\/2&Prime;][vc_video host=\u00a0\u00bbself_hosted\u00a0\u00bb mp4=\u00a0\u00bbhttp:\/\/flexofytol.be\/wp-content\/uploads\/2024\/02\/flexofytol_temoignages.mp4&Prime; autoplay=\u00a0\u00bbtrue\u00a0\u00bb][\/vc_column_inner][\/vc_row_inner][\/vc_column][\/vc_row][vc_row css=\u00a0\u00bb.vc_custom_1715857440075{margin-top: 36px !important;}\u00a0\u00bb][vc_column][mk_title_box color=\u00a0\u00bb#ffffff\u00a0\u00bb highlight_color=\u00a0\u00bb#e4032e\u00a0\u00bb highlight_opacity=\u00a0\u00bb1&Prime; size=\u00a0\u00bb24&Prime; font_weight=\u00a0\u00bbbold\u00a0\u00bb margin_bottom=\u00a0\u00bb24&Prime; font_family=\u00a0\u00bbnone\u00a0\u00bb]Pourquoi choisir Flexofytol<b><i> <\/i><\/b>?[\/mk_title_box][vc_row_inner][vc_column_inner width=\u00a0\u00bb1\/4&Prime;][vc_column_text css=\u00a0\u00bb.vc_custom_1719222001434{margin-bottom: 0px !important;}\u00a0\u00bb]\n<h4 style=\"text-align: center;\"><strong><img decoding=\"async\" class=\"aligncenter wp-image-1573\" src=\"http:\/\/flexofytol.be\/wp-content\/uploads\/2021\/03\/FLEXOFYTOL_BE_pictos-accueil-1-150x150.png\" alt=\"\" width=\"75\" height=\"75\" \/>N\u00b01<\/strong><\/h4>\n<p style=\"text-align: center;\">La gamme Flexofytol est la gamme de compl\u00e9ments alimentaires la plus prescrite en France sur le march\u00e9 des articulations depuis 2019<sup>1<\/sup>.<\/p>\n[\/vc_column_text][\/vc_column_inner][vc_column_inner width=\u00a0\u00bb1\/4&Prime;][vc_column_text css=\u00a0\u00bb.vc_custom_1763030617855{margin-bottom: 0px !important;}\u00a0\u00bb]\n<h4 style=\"text-align: center;\"><strong><img decoding=\"async\" class=\"aligncenter wp-image-2318\" src=\"http:\/\/flexofytol.be\/wp-content\/uploads\/2021\/03\/flexofytol_be_pictos-accueil-2-1-150x150.png\" alt=\"\" width=\"80\" height=\"80\" srcset=\"https:\/\/flexofytol.be\/wp-content\/uploads\/2021\/03\/flexofytol_be_pictos-accueil-2-1-150x150.png 150w, https:\/\/flexofytol.be\/wp-content\/uploads\/2021\/03\/flexofytol_be_pictos-accueil-2-1-300x300.png 300w, https:\/\/flexofytol.be\/wp-content\/uploads\/2021\/03\/flexofytol_be_pictos-accueil-2-1-1024x1024.png 1024w, https:\/\/flexofytol.be\/wp-content\/uploads\/2021\/03\/flexofytol_be_pictos-accueil-2-1.png 500w\" sizes=\"(max-width: 80px) 100vw, 80px\" \/>\u00c9tudi\u00e9 scientifiquement<\/strong><\/h4>\n<p class=\"has-text-align-center\" style=\"text-align: center;\">12 \u00e9tudes scientifiques ont \u00e9t\u00e9 r\u00e9alis\u00e9es sur plus de 2.800 personnes, dont une \u00e9tude en double-aveugle contre placebo<sup>2<\/sup>.<\/p>\n[\/vc_column_text][\/vc_column_inner][vc_column_inner width=\u00a0\u00bb1\/4&Prime;][vc_column_text css=\u00a0\u00bb.vc_custom_1719221778010{margin-bottom: 0px !important;}\u00a0\u00bb]\n<p class=\"has-text-align-center\"><img decoding=\"async\" width=\"80\" height=\"80\" class=\"wp-image-1578 aligncenter\" style=\"width: 80px;\" src=\"http:\/\/flexofytol.be\/wp-content\/uploads\/2021\/03\/FLEXOFYTOL_BE_pictos-accueil-3.png\" alt=\"\" srcset=\"https:\/\/flexofytol.be\/wp-content\/uploads\/2021\/03\/FLEXOFYTOL_BE_pictos-accueil-3.png 500w, https:\/\/flexofytol.be\/wp-content\/uploads\/2021\/03\/FLEXOFYTOL_BE_pictos-accueil-3-300x300.png 300w, https:\/\/flexofytol.be\/wp-content\/uploads\/2021\/03\/FLEXOFYTOL_BE_pictos-accueil-3-150x150.png 150w\" sizes=\"(max-width: 80px) 100vw, 80px\" \/><\/p>\n<h4 style=\"text-align: center;\"><strong>Excellente tol\u00e9rance<\/strong><\/h4>\n<p style=\"text-align: center;\"><strong>Flexofytol <i>FORTE<\/i><\/strong> peut \u00eatre utilis\u00e9 sur le long terme avec une excellente tol\u00e9rance.<\/p>\n[\/vc_column_text][\/vc_column_inner][vc_column_inner width=\u00a0\u00bb1\/4&Prime;][vc_column_text css=\u00a0\u00bb.vc_custom_1719222026189{margin-bottom: 0px !important;}\u00a0\u00bb]\n<h4 style=\"text-align: center;\"><strong><b><img loading=\"lazy\" decoding=\"async\" class=\"aligncenter wp-image-1577\" src=\"http:\/\/flexofytol.be\/wp-content\/uploads\/2021\/03\/FLEXOFYTOL_BE_pictos-accueil-2-150x150.png\" alt=\"\" width=\"75\" height=\"75\" \/>Formule exclusive et innovante<\/b>\u00a0<\/strong><\/h4>\n<p style=\"text-align: center;\"><strong>Flexofytol <i>FORTE<\/i><\/strong> concentre au moyen d\u2019un savoir-faire unique la puissance des extraits de curcuma et de boswellia serrata.<\/p>\n[\/vc_column_text][\/vc_column_inner][\/vc_row_inner][\/vc_column][\/vc_row][vc_row css=\u00a0\u00bb.vc_custom_1715857430933{margin-top: 36px !important;}\u00a0\u00bb][vc_column][mk_title_box color=\u00a0\u00bb#ffffff\u00a0\u00bb highlight_color=\u00a0\u00bb#e4032e\u00a0\u00bb highlight_opacity=\u00a0\u00bb1&Prime; size=\u00a0\u00bb24&Prime; font_weight=\u00a0\u00bbbold\u00a0\u00bb margin_bottom=\u00a0\u00bb24&Prime; font_family=\u00a0\u00bbnone\u00a0\u00bb]\u00c0 qui convient Flexofytol <b><i>FORTE \u00a0<\/i><\/b>?[\/mk_title_box][vc_column_text css=\u00a0\u00bb.vc_custom_1715856509697{margin-bottom: 0px !important;}\u00a0\u00bb]\n<p style=\"text-align: left;\"><strong>Flexo<\/strong><strong><span style=\"color: #004077;\">fytol<\/span><\/strong> <strong><em>FORTE<\/em><\/strong>\u00a0 est une solution id\u00e9ale pour\u00a0:<\/p>\n<ul>\n<li>Les sportifs<\/li>\n<li>Les personnes pratiquant une ou des activit\u00e9(s) physique(s) r\u00e9guli\u00e8re(s) ou des mouvements r\u00e9p\u00e9t\u00e9s<\/li>\n<li>Les personnes plus \u00e2g\u00e9es<\/li>\n<li>Toutes les personnes souhaitant rester actives<\/li>\n<\/ul>\n<p><strong>Flexo<\/strong><strong><span style=\"color: #004077;\">fytol<\/span><\/strong> <strong><em>FORTE<\/em><\/strong> ne peut \u00eatre utilis\u00e9 chez les enfants de moins de 18 ans, ni chez les femmes enceintes et allaitantes.[\/vc_column_text][\/vc_column][\/vc_row][vc_row fullwidth=\u00a0\u00bbtrue\u00a0\u00bb fullwidth_content=\u00a0\u00bbfalse\u00a0\u00bb visibility=\u00a0\u00bbvisible-dt\u00a0\u00bb css=\u00a0\u00bb.vc_custom_1715857596228{margin-top: 36px !important;margin-bottom: 0px !important;padding-top: 24px !important;background-color: rgba(0,64,119,0.1) !important;*background-color: rgb(0,64,119) !important;}\u00a0\u00bb][vc_column css=\u00a0\u00bb.vc_custom_1649151178162{padding-right: 134px !important;padding-left: 64px !important;}\u00a0\u00bb][vc_column_text css=\u00a0\u00bb.vc_custom_1719222873848{margin-bottom: 0px !important;}\u00a0\u00bb]\n<h3 style=\"text-align: center; text-transform: none;\"><strong>Ils en sont convaincus<\/strong><sup>3<\/sup><strong>&#8230;<\/strong><\/h3>\n[\/vc_column_text][\/vc_column][\/vc_row][vc_row fullwidth=\u00a0\u00bbtrue\u00a0\u00bb fullwidth_content=\u00a0\u00bbfalse\u00a0\u00bb css=\u00a0\u00bb.vc_custom_1715857685883{margin-top: 0px !important;margin-bottom: 0px !important;padding-top: 24px !important;padding-bottom: 0px !important;background-color: rgba(0,64,119,0.1) !important;*background-color: rgb(0,64,119) !important;}\u00a0\u00bb][vc_column width=\u00a0\u00bb1\/3&Prime;][vc_column_text css=\u00a0\u00bb.vc_custom_1715858320475{margin-bottom: 0px !important;}\u00a0\u00bb]\n<p style=\"text-align: center;\">\u00ab Flexofytol\u00a0<i>FORTE<\/i>\u00a0m\u2019a permis d\u2019oublier que mes articulations n&rsquo;ont plus 20 ans ! \u00bb<\/p>\n[\/vc_column_text][vc_row_inner][vc_column_inner width=\u00a0\u00bb1\/2&Prime;][vc_single_image image=\u00a0\u00bb6415&Prime; img_size=\u00a0\u00bbfull\u00a0\u00bb alignment=\u00a0\u00bbright\u00a0\u00bb][\/vc_column_inner][vc_column_inner width=\u00a0\u00bb1\/2&Prime;][vc_column_text css=\u00a0\u00bb.vc_custom_1715857280675{margin-bottom: 0px !important;padding-top: 36px !important;}\u00a0\u00bb]\n<h4 class=\"elementor-testimonial-name\"><strong>Paola<\/strong><\/h4>\n<div class=\"elementor-testimonial-job\">60 ans<\/div>\n[\/vc_column_text][\/vc_column_inner][\/vc_row_inner][\/vc_column][vc_column width=\u00a0\u00bb1\/3&Prime;][vc_column_text css=\u00a0\u00bb.vc_custom_1715858342659{margin-bottom: 0px !important;}\u00a0\u00bb]\n<p style=\"text-align: center;\">\u00ab Flexofytol\u00a0<i>FORTE<\/i> m\u2019a permis de poursuivre mes activit\u00e9s professionnelles \u00bb<\/p>\n[\/vc_column_text][vc_row_inner][vc_column_inner width=\u00a0\u00bb1\/2&Prime;][vc_single_image image=\u00a0\u00bb6403&Prime; img_size=\u00a0\u00bbfull\u00a0\u00bb alignment=\u00a0\u00bbright\u00a0\u00bb][\/vc_column_inner][vc_column_inner width=\u00a0\u00bb1\/2&Prime;][vc_column_text css=\u00a0\u00bb.vc_custom_1715857954322{margin-bottom: 0px !important;padding-top: 36px !important;}\u00a0\u00bb]\n<h4 class=\"elementor-testimonial-name\"><strong>Eric<\/strong><\/h4>\n<div class=\"elementor-testimonial-job\">58 ans<\/div>\n[\/vc_column_text][\/vc_column_inner][\/vc_row_inner][\/vc_column][vc_column width=\u00a0\u00bb1\/3&Prime;][vc_column_text css=\u00a0\u00bb.vc_custom_1715858369115{margin-bottom: 0px !important;}\u00a0\u00bb]\n<p style=\"text-align: center;\">\u00ab Je ne saurais plus m\u2019en passer \u00bb<\/p>\n[\/vc_column_text][vc_row_inner][vc_column_inner width=\u00a0\u00bb1\/2&Prime;][vc_single_image image=\u00a0\u00bb6407&Prime; img_size=\u00a0\u00bbfull\u00a0\u00bb alignment=\u00a0\u00bbright\u00a0\u00bb][\/vc_column_inner][vc_column_inner width=\u00a0\u00bb1\/2&Prime;][vc_column_text css=\u00a0\u00bb.vc_custom_1715858004503{margin-bottom: 0px !important;padding-top: 36px !important;}\u00a0\u00bb]\n<h4 class=\"elementor-testimonial-name\"><strong>Fran\u00e7oise<\/strong><\/h4>\n<div class=\"elementor-testimonial-job\">63 ans<\/div>\n[\/vc_column_text][\/vc_column_inner][\/vc_row_inner][\/vc_column][\/vc_row][vc_row fullwidth=\u00a0\u00bbtrue\u00a0\u00bb fullwidth_content=\u00a0\u00bbfalse\u00a0\u00bb css=\u00a0\u00bb.vc_custom_1715933760234{margin-top: 0px !important;padding-top: 24px !important;padding-bottom: 24px !important;background-color: rgba(0,64,119,0.1) !important;*background-color: rgb(0,64,119) !important;}\u00a0\u00bb][vc_column width=\u00a0\u00bb1\/6&Prime;][\/vc_column][vc_column width=\u00a0\u00bb2\/6&Prime;][vc_column_text css=\u00a0\u00bb.vc_custom_1715858377968{margin-bottom: 0px !important;}\u00a0\u00bb]\n<p style=\"text-align: center;\">\u00ab Flexofytol\u00a0<i>FORTE<\/i>\u00a0m\u2019a permis de re-bouger \u00e0 nouveau, \u00e0 moi la zumba ! \u00bb<\/p>\n[\/vc_column_text][vc_row_inner][vc_column_inner width=\u00a0\u00bb1\/2&Prime;][vc_single_image image=\u00a0\u00bb6411&Prime; img_size=\u00a0\u00bbfull\u00a0\u00bb alignment=\u00a0\u00bbright\u00a0\u00bb][\/vc_column_inner][vc_column_inner width=\u00a0\u00bb1\/2&Prime;][vc_column_text css=\u00a0\u00bb.vc_custom_1715858048711{margin-bottom: 0px !important;padding-top: 36px !important;}\u00a0\u00bb]\n<h4 class=\"elementor-testimonial-name\"><strong>Nathalie<\/strong><\/h4>\n<div class=\"elementor-testimonial-job\">49 ans<\/div>\n[\/vc_column_text][\/vc_column_inner][\/vc_row_inner][\/vc_column][vc_column width=\u00a0\u00bb2\/6&Prime;][vc_column_text css=\u00a0\u00bb.vc_custom_1715858385129{margin-bottom: 0px !important;}\u00a0\u00bb]\n<p style=\"text-align: center;\">\u00ab Flexofytol\u00a0<i>FORTE<\/i>\u00a0m\u2019a permis de continuer de marcher et surtout de jouer au foot avec mes petits-enfants \u00bb<\/p>\n[\/vc_column_text][vc_row_inner][vc_column_inner width=\u00a0\u00bb1\/2&Prime;][vc_single_image image=\u00a0\u00bb6399&Prime; img_size=\u00a0\u00bbfull\u00a0\u00bb alignment=\u00a0\u00bbright\u00a0\u00bb][\/vc_column_inner][vc_column_inner width=\u00a0\u00bb1\/2&Prime;][vc_column_text css=\u00a0\u00bb.vc_custom_1715858108109{margin-bottom: 0px !important;padding-top: 36px !important;}\u00a0\u00bb]\n<h4 class=\"elementor-testimonial-name\"><strong>Brigitte<\/strong><\/h4>\n<div class=\"elementor-testimonial-job\">67 ans<\/div>\n[\/vc_column_text][\/vc_column_inner][\/vc_row_inner][\/vc_column][vc_column width=\u00a0\u00bb1\/6&Prime;][\/vc_column][\/vc_row][vc_row css=\u00a0\u00bb.vc_custom_1723446232812{margin-top: 24px !important;}\u00a0\u00bb][vc_column][layerslider_vc id=\u00a0\u00bb8&Prime;][\/vc_column][\/vc_row][vc_row css=\u00a0\u00bb.vc_custom_1715858610715{margin-top: 36px !important;margin-bottom: -150px !important;border-bottom-width: 0px !important;padding-bottom: 0px !important;}\u00a0\u00bb][vc_column][vc_column_text css=\u00a0\u00bb.vc_custom_1719222119995{margin-top: 0px !important;margin-bottom: 0px !important;border-top-width: 0px !important;border-bottom-width: 0px !important;padding-top: 0px !important;padding-bottom: 0px !important;}\u00a0\u00bb]\n<p class=\"has-text-align-center\" style=\"text-align: center; font-size: 10px;\"><em><sup>1<\/sup> <\/em><i>Source GERS mars 2024. prescription d\u2019un compl\u00e9ment alimentaire au consommateur en conformit\u00e9 avec la notification et le statut du produit.<br \/>\n<em><sup>2<\/sup> Liuting Zeng et al. 2021<br \/>\n<sup>3<\/sup>T\u00e9moignages recueillis dans le cadre d\u2019une enqu\u00eate consommateurs r\u00e9alis\u00e9e aupr\u00e8s de 1026 utilisateurs<\/em><\/i><\/p>\n[\/vc_column_text][\/vc_column][\/vc_row]\n","protected":false},"excerpt":{"rendered":"<p>[vc_row fullwidth=\u00a0\u00bbtrue\u00a0\u00bb visibility=\u00a0\u00bbvisible-dt\u00a0\u00bb][vc_column][layerslider_vc id=\u00a0\u00bb4&Prime;][\/vc_column][\/vc_row][vc_row visibility=\u00a0\u00bbhidden-dt\u00a0\u00bb][vc_column][vc_images_carousel images=\u00a0\u00bb3942,3947&Prime; img_size=\u00a0\u00bbfull\u00a0\u00bb onclick=\u00a0\u00bbcustom_link\u00a0\u00bb autoplay=\u00a0\u00bbyes\u00a0\u00bb wrap=\u00a0\u00bbyes\u00a0\u00bb css_animation=\u00a0\u00bbnone\u00a0\u00bb custom_links=\u00a0\u00bb#E-8_aHR0cHMlM0ElMkYlMkZmbGV4b2Z5dG9sLmJlJTJGZmxleG9meXRvbCUyRmZsZXhvZnl0b2wtZm9ydGUtMiUyRiUyQ2h0dHBzJTNBJTJGJTJGZmxleG9meXRvbC5iZSUyRmFydGljdWxhdGlvbnMlMkZhc3R1Y2VzJTJG\u00a0\u00bb][\/vc_column][\/vc_row][vc_row][vc_column][mk_title_box color=\u00a0\u00bb#ffffff\u00a0\u00bb highlight_color=\u00a0\u00bb#e4032e\u00a0\u00bb highlight_opacity=\u00a0\u00bb1&Prime; size=\u00a0\u00bb24&Prime; font_weight=\u00a0\u00bbbold\u00a0\u00bb margin_bottom=\u00a0\u00bb24&Prime; font_family=\u00a0\u00bbnone\u00a0\u00bb]Pourquoi utiliser Flexofytol FORTE\u00a0?[\/mk_title_box][vc_row_inner][vc_column_inner width=\u00a0\u00bb1\/2&Prime;][vc_column_text css=\u00a0\u00bb.vc_custom_1715933774948{margin-bottom: 0px !important;}\u00a0\u00bb] Flexofytol FORTE, votre alli\u00e9 pour des articulations souples toute l&rsquo;ann\u00e9e ! Vieillissement, mouvements r\u00e9p\u00e9titifs, sports, surpoids, chocs\u2026 tel est le quotidien de vos articulations\u00a0? Pour pr\u00e9server votre mobilit\u00e9 ainsi que votre qualit\u00e9 de vie, il est n\u00e9cessaire de prendre soin de vos articulations. Gr\u00e2ce \u00e0 sa formule unique associant des extraits exclusifs de curcuma et de Boswellia serrata, Flexofytol FORTE contribue \u00e0 maintenir la flexibilit\u00e9 et la souplesse de vos articulations, muscles et tendons. Offrez \u00e0 vos articulations le soutien dont elles ont besoin avec Flexofytol FORTE ! [\/vc_column_text][\/vc_column_inner][vc_column_inner width=\u00a0\u00bb1\/2&Prime;][vc_video host=\u00a0\u00bbself_hosted\u00a0\u00bb mp4=\u00a0\u00bbhttp:\/\/flexofytol.be\/wp-content\/uploads\/2024\/02\/flexofytol_temoignages.mp4&Prime; autoplay=\u00a0\u00bbtrue\u00a0\u00bb][\/vc_column_inner][\/vc_row_inner][\/vc_column][\/vc_row][vc_row css=\u00a0\u00bb.vc_custom_1715857440075{margin-top: 36px !important;}\u00a0\u00bb][vc_column][mk_title_box color=\u00a0\u00bb#ffffff\u00a0\u00bb highlight_color=\u00a0\u00bb#e4032e\u00a0\u00bb highlight_opacity=\u00a0\u00bb1&Prime; size=\u00a0\u00bb24&Prime; font_weight=\u00a0\u00bbbold\u00a0\u00bb margin_bottom=\u00a0\u00bb24&Prime; font_family=\u00a0\u00bbnone\u00a0\u00bb]Pourquoi choisir Flexofytol ?[\/mk_title_box][vc_row_inner][vc_column_inner width=\u00a0\u00bb1\/4&Prime;][vc_column_text css=\u00a0\u00bb.vc_custom_1719222001434{margin-bottom: 0px !important;}\u00a0\u00bb] N\u00b01 La gamme Flexofytol est la gamme de compl\u00e9ments alimentaires la plus prescrite en France sur le march\u00e9 des articulations depuis 20191. [\/vc_column_text][\/vc_column_inner][vc_column_inner width=\u00a0\u00bb1\/4&Prime;][vc_column_text css=\u00a0\u00bb.vc_custom_1763030617855{margin-bottom: 0px !important;}\u00a0\u00bb] \u00c9tudi\u00e9 scientifiquement 12 \u00e9tudes scientifiques ont \u00e9t\u00e9 r\u00e9alis\u00e9es sur plus de 2.800 personnes, dont une \u00e9tude en double-aveugle contre placebo2. [\/vc_column_text][\/vc_column_inner][vc_column_inner width=\u00a0\u00bb1\/4&Prime;][vc_column_text css=\u00a0\u00bb.vc_custom_1719221778010{margin-bottom: 0px !important;}\u00a0\u00bb] Excellente tol\u00e9rance Flexofytol FORTE peut \u00eatre utilis\u00e9 sur le long terme avec une excellente tol\u00e9rance. [\/vc_column_text][\/vc_column_inner][vc_column_inner width=\u00a0\u00bb1\/4&Prime;][vc_column_text css=\u00a0\u00bb.vc_custom_1719222026189{margin-bottom: 0px !important;}\u00a0\u00bb] Formule exclusive et innovante\u00a0 Flexofytol FORTE concentre au moyen d\u2019un savoir-faire unique la puissance des extraits de curcuma et de boswellia serrata. [\/vc_column_text][\/vc_column_inner][\/vc_row_inner][\/vc_column][\/vc_row][vc_row css=\u00a0\u00bb.vc_custom_1715857430933{margin-top: 36px !important;}\u00a0\u00bb][vc_column][mk_title_box color=\u00a0\u00bb#ffffff\u00a0\u00bb highlight_color=\u00a0\u00bb#e4032e\u00a0\u00bb highlight_opacity=\u00a0\u00bb1&Prime; size=\u00a0\u00bb24&Prime; font_weight=\u00a0\u00bbbold\u00a0\u00bb margin_bottom=\u00a0\u00bb24&Prime; font_family=\u00a0\u00bbnone\u00a0\u00bb]\u00c0 qui convient Flexofytol FORTE \u00a0?[\/mk_title_box][vc_column_text css=\u00a0\u00bb.vc_custom_1715856509697{margin-bottom: 0px !important;}\u00a0\u00bb] Flexofytol FORTE\u00a0 est une solution id\u00e9ale pour\u00a0: Les sportifs Les personnes pratiquant une ou des activit\u00e9(s) physique(s) r\u00e9guli\u00e8re(s) ou des mouvements r\u00e9p\u00e9t\u00e9s Les personnes plus \u00e2g\u00e9es Toutes les personnes souhaitant rester actives Flexofytol FORTE ne peut \u00eatre utilis\u00e9 chez les enfants de moins de 18 ans, ni chez les femmes enceintes et allaitantes.[\/vc_column_text][\/vc_column][\/vc_row][vc_row fullwidth=\u00a0\u00bbtrue\u00a0\u00bb fullwidth_content=\u00a0\u00bbfalse\u00a0\u00bb visibility=\u00a0\u00bbvisible-dt\u00a0\u00bb css=\u00a0\u00bb.vc_custom_1715857596228{margin-top: 36px !important;margin-bottom: 0px !important;padding-top: 24px !important;background-color: rgba(0,64,119,0.1) !important;*background-color: rgb(0,64,119) !important;}\u00a0\u00bb][vc_column css=\u00a0\u00bb.vc_custom_1649151178162{padding-right: 134px !important;padding-left: 64px !important;}\u00a0\u00bb][vc_column_text css=\u00a0\u00bb.vc_custom_1719222873848{margin-bottom: 0px !important;}\u00a0\u00bb] Ils en sont convaincus3&#8230; [\/vc_column_text][\/vc_column][\/vc_row][vc_row fullwidth=\u00a0\u00bbtrue\u00a0\u00bb fullwidth_content=\u00a0\u00bbfalse\u00a0\u00bb css=\u00a0\u00bb.vc_custom_1715857685883{margin-top: 0px !important;margin-bottom: 0px !important;padding-top: 24px !important;padding-bottom: 0px !important;background-color: rgba(0,64,119,0.1) !important;*background-color: rgb(0,64,119) !important;}\u00a0\u00bb][vc_column width=\u00a0\u00bb1\/3&Prime;][vc_column_text css=\u00a0\u00bb.vc_custom_1715858320475{margin-bottom: 0px !important;}\u00a0\u00bb] \u00ab Flexofytol\u00a0FORTE\u00a0m\u2019a permis d\u2019oublier que mes articulations n&rsquo;ont plus 20 ans ! \u00bb [\/vc_column_text][vc_row_inner][vc_column_inner width=\u00a0\u00bb1\/2&Prime;][vc_single_image image=\u00a0\u00bb6415&Prime; img_size=\u00a0\u00bbfull\u00a0\u00bb alignment=\u00a0\u00bbright\u00a0\u00bb][\/vc_column_inner][vc_column_inner width=\u00a0\u00bb1\/2&Prime;][vc_column_text css=\u00a0\u00bb.vc_custom_1715857280675{margin-bottom: 0px !important;padding-top: 36px !important;}\u00a0\u00bb] Paola 60 ans [\/vc_column_text][\/vc_column_inner][\/vc_row_inner][\/vc_column][vc_column width=\u00a0\u00bb1\/3&Prime;][vc_column_text css=\u00a0\u00bb.vc_custom_1715858342659{margin-bottom: 0px !important;}\u00a0\u00bb] \u00ab Flexofytol\u00a0FORTE m\u2019a permis de poursuivre mes activit\u00e9s professionnelles \u00bb [\/vc_column_text][vc_row_inner][vc_column_inner width=\u00a0\u00bb1\/2&Prime;][vc_single_image image=\u00a0\u00bb6403&Prime; img_size=\u00a0\u00bbfull\u00a0\u00bb alignment=\u00a0\u00bbright\u00a0\u00bb][\/vc_column_inner][vc_column_inner width=\u00a0\u00bb1\/2&Prime;][vc_column_text css=\u00a0\u00bb.vc_custom_1715857954322{margin-bottom: 0px !important;padding-top: 36px !important;}\u00a0\u00bb] Eric 58 ans [\/vc_column_text][\/vc_column_inner][\/vc_row_inner][\/vc_column][vc_column width=\u00a0\u00bb1\/3&Prime;][vc_column_text css=\u00a0\u00bb.vc_custom_1715858369115{margin-bottom: 0px !important;}\u00a0\u00bb] \u00ab Je ne saurais plus m\u2019en passer \u00bb [\/vc_column_text][vc_row_inner][vc_column_inner width=\u00a0\u00bb1\/2&Prime;][vc_single_image image=\u00a0\u00bb6407&Prime; img_size=\u00a0\u00bbfull\u00a0\u00bb alignment=\u00a0\u00bbright\u00a0\u00bb][\/vc_column_inner][vc_column_inner width=\u00a0\u00bb1\/2&Prime;][vc_column_text css=\u00a0\u00bb.vc_custom_1715858004503{margin-bottom: 0px !important;padding-top: 36px !important;}\u00a0\u00bb] Fran\u00e7oise 63 ans [\/vc_column_text][\/vc_column_inner][\/vc_row_inner][\/vc_column][\/vc_row][vc_row fullwidth=\u00a0\u00bbtrue\u00a0\u00bb fullwidth_content=\u00a0\u00bbfalse\u00a0\u00bb css=\u00a0\u00bb.vc_custom_1715933760234{margin-top: 0px !important;padding-top: 24px !important;padding-bottom: 24px !important;background-color: rgba(0,64,119,0.1) !important;*background-color: rgb(0,64,119) !important;}\u00a0\u00bb][vc_column width=\u00a0\u00bb1\/6&Prime;][\/vc_column][vc_column width=\u00a0\u00bb2\/6&Prime;][vc_column_text css=\u00a0\u00bb.vc_custom_1715858377968{margin-bottom: 0px !important;}\u00a0\u00bb] \u00ab Flexofytol\u00a0FORTE\u00a0m\u2019a permis de re-bouger \u00e0 nouveau, \u00e0 moi la zumba ! \u00bb [\/vc_column_text][vc_row_inner][vc_column_inner width=\u00a0\u00bb1\/2&Prime;][vc_single_image image=\u00a0\u00bb6411&Prime; img_size=\u00a0\u00bbfull\u00a0\u00bb alignment=\u00a0\u00bbright\u00a0\u00bb][\/vc_column_inner][vc_column_inner width=\u00a0\u00bb1\/2&Prime;][vc_column_text css=\u00a0\u00bb.vc_custom_1715858048711{margin-bottom: 0px !important;padding-top: 36px !important;}\u00a0\u00bb] Nathalie 49 ans [\/vc_column_text][\/vc_column_inner][\/vc_row_inner][\/vc_column][vc_column width=\u00a0\u00bb2\/6&Prime;][vc_column_text css=\u00a0\u00bb.vc_custom_1715858385129{margin-bottom: 0px !important;}\u00a0\u00bb] \u00ab Flexofytol\u00a0FORTE\u00a0m\u2019a permis de continuer de marcher et surtout de jouer au foot avec mes petits-enfants \u00bb [\/vc_column_text][vc_row_inner][vc_column_inner width=\u00a0\u00bb1\/2&Prime;][vc_single_image image=\u00a0\u00bb6399&Prime; img_size=\u00a0\u00bbfull\u00a0\u00bb alignment=\u00a0\u00bbright\u00a0\u00bb][\/vc_column_inner][vc_column_inner width=\u00a0\u00bb1\/2&Prime;][vc_column_text css=\u00a0\u00bb.vc_custom_1715858108109{margin-bottom: 0px !important;padding-top: 36px !important;}\u00a0\u00bb] Brigitte 67 ans [\/vc_column_text][\/vc_column_inner][\/vc_row_inner][\/vc_column][vc_column width=\u00a0\u00bb1\/6&Prime;][\/vc_column][\/vc_row][vc_row css=\u00a0\u00bb.vc_custom_1723446232812{margin-top: 24px !important;}\u00a0\u00bb][vc_column][layerslider_vc id=\u00a0\u00bb8&Prime;][\/vc_column][\/vc_row][vc_row css=\u00a0\u00bb.vc_custom_1715858610715{margin-top: 36px !important;margin-bottom: -150px !important;border-bottom-width: 0px !important;padding-bottom: 0px !important;}\u00a0\u00bb][vc_column][vc_column_text css=\u00a0\u00bb.vc_custom_1719222119995{margin-top: 0px !important;margin-bottom: 0px !important;border-top-width: 0px !important;border-bottom-width: 0px !important;padding-top: 0px !important;padding-bottom: 0px !important;}\u00a0\u00bb] 1 Source GERS mars 2024. prescription d\u2019un compl\u00e9ment alimentaire au consommateur en conformit\u00e9 avec la notification et le statut du produit. 2 Liuting Zeng et al. 2021 3T\u00e9moignages recueillis dans le cadre d\u2019une enqu\u00eate consommateurs r\u00e9alis\u00e9e aupr\u00e8s de 1026 utilisateurs [\/vc_column_text][\/vc_column][\/vc_row]<\/p>\n","protected":false},"author":1,"featured_media":0,"parent":0,"menu_order":0,"comment_status":"closed","ping_status":"closed","template":"","meta":{"footnotes":""},"class_list":["post-7","page","type-page","status-publish","hentry"],"aioseo_notices":[],"_links":{"self":[{"href":"https:\/\/flexofytol.be\/fr\/wp-json\/wp\/v2\/pages\/7","targetHints":{"allow":["GET"]}}],"collection":[{"href":"https:\/\/flexofytol.be\/fr\/wp-json\/wp\/v2\/pages"}],"about":[{"href":"https:\/\/flexofytol.be\/fr\/wp-json\/wp\/v2\/types\/page"}],"author":[{"embeddable":true,"href":"https:\/\/flexofytol.be\/fr\/wp-json\/wp\/v2\/users\/1"}],"replies":[{"embeddable":true,"href":"https:\/\/flexofytol.be\/fr\/wp-json\/wp\/v2\/comments?post=7"}],"version-history":[{"count":21,"href":"https:\/\/flexofytol.be\/fr\/wp-json\/wp\/v2\/pages\/7\/revisions"}],"predecessor-version":[{"id":9018,"href":"https:\/\/flexofytol.be\/fr\/wp-json\/wp\/v2\/pages\/7\/revisions\/9018"}],"wp:attachment":[{"href":"https:\/\/flexofytol.be\/fr\/wp-json\/wp\/v2\/media?parent=7"}],"curies":[{"name":"wp","href":"https:\/\/api.w.org\/{rel}","templated":true}]}}